{"id":708,"date":"2025-01-08T07:45:00","date_gmt":"2025-01-08T07:45:00","guid":{"rendered":"https:\/\/artedentalvalencia.com\/?page_id=708"},"modified":"2025-02-13T09:58:28","modified_gmt":"2025-02-13T09:58:28","slug":"declaracion-de-accesibilidad","status":"publish","type":"page","link":"https:\/\/artedentalvalencia.com\/en\/declaracion-de-accesibilidad\/","title":{"rendered":"Declaraci\u00f3n de accesibilidad"},"content":{"rendered":"<div data-elementor-type=\"wp-page\" data-elementor-id=\"708\" class=\"elementor elementor-708\" data-elementor-post-type=\"page\">\n\t\t\t\t<div class=\"elementor-element elementor-element-f26db40 e-flex e-con-boxed e-con e-parent\" data-id=\"f26db40\" data-element_type=\"container\">\n\t\t\t\t\t<div class=\"e-con-inner\">\n\t\t\t\t<div class=\"elementor-element elementor-element-3593840 elementor-widget elementor-widget-text-editor\" data-id=\"3593840\" data-element_type=\"widget\" data-widget_type=\"text-editor.default\">\n\t\t\t\t<div class=\"elementor-widget-container\">\n\t\t\t\t\t\t\t\t\t<h4><b>Declaraci\u00f3n de accesibilidad<\/b><\/h4>\n<h6><span style=\"text-align: var(--text-align);\">Arte Dental<\/span><span style=\"font-weight: 400;\">&nbsp;(en adelante, tambi\u00e9n Sitio Web)<\/span> <span style=\"font-weight: 400;\">se ha comprometido a hacer accesible contenido de conformidad con el criterio de accesibilidad del Programa Kit Digital, conforme a los anexos de la norma UNE-EN 301 549:2022.<\/span><\/h6>\n<h6><span style=\"font-weight: 400;\">La presente declaraci\u00f3n de accesibilidad se aplica al sitio web&nbsp;<\/span><\/h6>\n<h6><a href=\"https:\/\/artedentalvalencia.com\/en\/\"><span style=\"font-weight: 400;\">https:\/\/artedentalvalencia.com\/<\/span><\/a><span style=\"font-weight: 400;\">&nbsp;<\/span><\/h6>\n<h4><b>Situaci\u00f3n de cumplimiento<\/b><\/h4>\n<p><span style=\"font-weight: 400;\">Este Sitio Web es parcialmente conforme con el Real Decreto 1112\/2018, de 7 de septiembre, debido a la falta de conformidad de los aspectos que se indican a continuaci\u00f3n.<\/span><\/p>\n<h4><b>Contenido no accesible<\/b><\/h4>\n<p><span style=\"font-weight: 400;\">El contenido que se recoge a continuaci\u00f3n no es accesible por los siguientes motivos:<\/span><\/p>\n<ol>\n<li><b> Falta de conformidad con el RD 1112\/2018:<\/b><\/li>\n<\/ol>\n<ul>\n<li style=\"font-weight: 400;\" aria-level=\"1\"><span style=\"font-weight: 400;\">Criterio 5 &#8211; Requisitos generales: No aplica.<\/span><\/li>\n<li style=\"font-weight: 400;\" aria-level=\"1\"><span style=\"font-weight: 400;\">Criterio 6 &#8211; Capacidad de comunicaci\u00f3n bidireccional por voz: No aplica.<\/span><\/li>\n<li style=\"font-weight: 400;\" aria-level=\"1\"><span style=\"font-weight: 400;\">Criterio 7 &#8211; Capacidad de v\u00eddeo: No aplica.<\/span><\/li>\n<li style=\"font-weight: 400;\" aria-level=\"1\"><span style=\"font-weight: 400;\">Criterio 9 &#8211; Requisitos aplicables a p\u00e1ginas web:&nbsp;<\/span>\n<ul>\n<li style=\"font-weight: 400;\" aria-level=\"2\"><span style=\"font-weight: 400;\">En alguna p\u00e1gina la relaci\u00f3n de contraste en texto podr\u00eda no ser de al menos 4.5:1 [requisito n\u00famero 9.1.4.3 Contraste (m\u00ednimo), de UNE-EN 301549:2022].<\/span><\/li>\n<li style=\"font-weight: 400;\" aria-level=\"2\"><span style=\"font-weight: 400;\">Contraste insuficiente en componentes de la interfaz o en objetos gr\u00e1ficos [requisito n\u00famero 9.1.4.11 Contraste del contenido no textual, de UNE-EN 301549:2022].<\/span><\/li>\n<li style=\"font-weight: 400;\" aria-level=\"2\"><span style=\"font-weight: 400;\">Existe texto que al cambiar los espacios y alturas de l\u00ednea no se visualiza correctamente [requisito n\u00famero 9.1.4.12 Espaciado del texto, de UNE-EN 301549:2022].<\/span><\/li>\n<li style=\"font-weight: 400;\" aria-level=\"2\"><span style=\"font-weight: 400;\">Existen atajos de teclado que no funcionan [requisito n\u00famero 9.2.1.4 Atajos con teclas de caracteres, de UNE-EN 301549:2022].<\/span><\/li>\n<li style=\"font-weight: 400;\" aria-level=\"2\"><span style=\"font-weight: 400;\">En algunas p\u00e1ginas no existe el mecanismo para omitir bloques de contenido que se repiten en varias p\u00e1ginas [requisito n\u00famero 9.2.4.1 Evitar bloques, de UNE-EN 301549:2022].<\/span><\/li>\n<li style=\"font-weight: 400;\" aria-level=\"2\"><span style=\"font-weight: 400;\">No siempre se ofrecen enlaces a p\u00e1ginas de contenido relacionado o formas alternativas de navegaci\u00f3n [requisito n\u00famero 9.2.4.5 M\u00faltiples v\u00edas, de UNE-EN 301549:2022].<\/span><\/li>\n<li style=\"font-weight: 400;\" aria-level=\"2\"><span style=\"font-weight: 400;\">La ubicaci\u00f3n del foco no es siempre visible cuando se navega con teclado [requisito n\u00famero 9.2.4.7 Foco visible, de UNE-EN 301549:2022].<\/span><\/li>\n<li style=\"font-weight: 400;\" aria-level=\"2\"><span style=\"font-weight: 400;\">Existen elementos que utilizan multipunto o basados en ruta que no se pueden operar con solo un puntero o sin un gesto basado en ruta [requisito n\u00famero 9.2.5.1 Gestos del puntero, de UNE-EN 301549:2022].<\/span><\/li>\n<li style=\"font-weight: 400;\" aria-level=\"2\"><span style=\"font-weight: 400;\">Existen p\u00e1ginas donde no se puede cancelar un evento al pulsar el rat\u00f3n [requisito n\u00famero 9.2.5.2 Cancelaci\u00f3n del puntero, de UNE-EN 301549:2022].<\/span><\/li>\n<li style=\"font-weight: 400;\" aria-level=\"2\"><span style=\"font-weight: 400;\">Existen componentes de interfaz que no tienen etiquetas visibles [requisito n\u00famero 9.2.5.3 Etiqueta del nombre, de UNE-EN 301549:2022].<\/span><\/li>\n<li style=\"font-weight: 400;\" aria-level=\"2\"><span style=\"font-weight: 400;\">Hay funcionalidad solo operable mediante el movimiento [requisito n\u00famero 9.2.5.4 Activaci\u00f3n mediante movimiento, de UNE-EN 301549:2022].<\/span><\/li>\n<li style=\"font-weight: 400;\" aria-level=\"2\"><span style=\"font-weight: 400;\">Existen componentes que cuando recibe el foco, inician un cambio de contexto [requisito n\u00famero 9.3.2.1 Al recibir el foco, de UNE-EN 301549:2022].<\/span><\/li>\n<li style=\"font-weight: 400;\" aria-level=\"2\"><span style=\"font-weight: 400;\">La interacci\u00f3n del usuario con alg\u00fan control, provoca cambios de p\u00e1gina sin advertirlo previamente [requisito n\u00famero 9.3.2.2 Al recibir entradas, de UNE-EN 301549:2022].<\/span><\/li>\n<li style=\"font-weight: 400;\" aria-level=\"2\"><span style=\"font-weight: 400;\">Podr\u00eda existir alg\u00fan error de entrada en alg\u00fan campo\/formulario del que no se notificase al usuario la sugerencia para solucionarlo [requisito n\u00famero 9.3.3.3 Sugerencias ante errores 333, de UNE-EN 301549:2022].<\/span><\/li>\n<li style=\"font-weight: 400;\" aria-level=\"2\"><span style=\"font-weight: 400;\">En la entrada de datos no detecta errores ni se proporciona al usuario una oportunidad de corregirlos [requisito n\u00famero 9.3.3.4 Prevenci\u00f3n de errores (legales, financieros, datos), de UNE-EN 301549:2022].<\/span><\/li>\n<li style=\"font-weight: 400;\" aria-level=\"2\"><span style=\"font-weight: 400;\">Se incumplen algunos de los requisitos WCAG 2.1 [requisito n\u00famero 9.6 Requisitos de conformidad de las pautas WCAG, de UNE-EN 301549:2022].<\/span><\/li>\n<\/ul>\n<\/li>\n<li style=\"font-weight: 400;\" aria-level=\"1\"><span style=\"font-weight: 400;\">Criterio 10 &#8211; Requisitos aplicables a documentos no web: No aplica.<\/span><\/li>\n<li style=\"font-weight: 400;\" aria-level=\"1\"><span style=\"font-weight: 400;\">Criterio 11 &#8211; Requisitos aplicables a software: No aplica.<\/span><\/li>\n<li style=\"font-weight: 400;\" aria-level=\"1\"><span style=\"font-weight: 400;\">Criterio 12 &#8211; Requisitos aplicables a documentaci\u00f3n y servicios de apoyo: No aplica.<\/span><\/li>\n<\/ul>\n<ol>\n<li><b> Carga desproporcionada:<\/b><span style=\"font-weight: 400;\"> No aplica.<\/span><\/li>\n<li><b> Contenido no entra dentro del \u00e1mbito de la legislaci\u00f3n aplicable:<\/b><\/li>\n<\/ol>\n<ul>\n<li style=\"font-weight: 400;\" aria-level=\"1\"><span style=\"font-weight: 400;\">Pueden existir archivos de ofim\u00e1tica en PDF y otros formatos publicados antes del 20 de septiembre de 2018 que no cumplan en su totalidad todos los requisitos de accesibilidad. Aunque se ha procurado que la mayor\u00eda de ellos s\u00ed lo cumplan.<\/span><\/li>\n<li style=\"font-weight: 400;\" aria-level=\"1\"><span style=\"font-weight: 400;\">Puede haber contenidos de terceros que no est\u00e9n desarrollados en esta Unidad ni bajo su control como im\u00e1genes, mapas interactivos, videos, documentos, reproductores, etc.<\/span><\/li>\n<li style=\"font-weight: 400;\" aria-level=\"1\"><span style=\"font-weight: 400;\">Pueden existir archivos pregrabados publicados antes del 20 de septiembre de 2018 que no cumplan en su totalidad todos los requisitos de accesibilidad.<\/span><\/li>\n<li style=\"font-weight: 400;\" aria-level=\"1\"><span style=\"font-weight: 400;\">Partes o la totalidad del sitio web puede estar creado con un CMS (WordPress, Shopify, PrestaShop, etc), por lo que debido a alguna actualizaci\u00f3n o cambio en los sistemas, puede que no todo el contenido generado o autogenerado cumpla con todas las normativas de accesibilidad.<\/span><\/li>\n<\/ul>\n<h4><b>Preparaci\u00f3n de la presente declaraci\u00f3n de accesibilidad<\/b><\/h4>\n<p><span style=\"font-weight: 400;\">La presente declaraci\u00f3n fue preparada el d\u00eda 12\/02\/2025<\/span><\/p>\n<p><span style=\"font-weight: 400;\">El m\u00e9todo empleado para preparar la declaraci\u00f3n ha sido una autoevaluaci\u00f3n llevada a cabo por medios propios y el agente digitalizador.<\/span><\/p>\n<p><span style=\"font-weight: 400;\">\u00daltima revisi\u00f3n de la declaraci\u00f3n: 12\/02\/2025<\/span><\/p>\n<h4><b>Observaciones y datos de contacto<\/b><\/h4>\n<p><span style=\"font-weight: 400;\">Puede realizar comunicaciones sobre requisitos de accesibilidad (art\u00edculo 10.2.a del Real Decreto 1112\/2018, de 7 de septiembre) como, por ejemplo:<\/span><\/p>\n<ul>\n<li style=\"font-weight: 400;\" aria-level=\"1\"><span style=\"font-weight: 400;\">Informar sobre cualquier posible incumplimiento por parte de este sitio web.<\/span><\/li>\n<li style=\"font-weight: 400;\" aria-level=\"1\"><span style=\"font-weight: 400;\">Transmitir otras dificultades de acceso al contenido.<\/span><\/li>\n<li style=\"font-weight: 400;\" aria-level=\"1\"><span style=\"font-weight: 400;\">Formular cualquier otra consulta o sugerencia de mejora relativa a la accesibilidad del sitio web.<\/span><\/li>\n<\/ul>\n<p><span style=\"font-weight: 400;\">A trav\u00e9s de las siguientes v\u00edas:<\/span><\/p>\n<ul>\n<li aria-level=\"1\"><span style=\"font-weight: 400;\">Correo electr\u00f3nico:&nbsp;<\/span>artedentalespecialidades@gmail.com<\/li>\n<li aria-level=\"1\"><span style=\"font-weight: 400;\">Tel\u00e9fono:&nbsp;<\/span><i>675 91 15 95<\/i><\/li>\n<\/ul>\n<p><span style=\"font-weight: 400;\">Acorde al art\u00edculo 10.2.b del RD 1112\/2018, tambi\u00e9n puedes presentar:<\/span><\/p>\n<ul>\n<li style=\"font-weight: 400;\" aria-level=\"1\"><span style=\"font-weight: 400;\">Una queja relativa al cumplimiento de los requisitos del RD 1112\/2018.<\/span><\/li>\n<li style=\"font-weight: 400;\" aria-level=\"1\"><span style=\"font-weight: 400;\">Una solicitud de informaci\u00f3n accesible relativa a:<\/span>\n<ul>\n<li style=\"font-weight: 400;\" aria-level=\"2\"><span style=\"font-weight: 400;\">Contenidos que est\u00e1n excluidos del \u00e1mbito de aplicaci\u00f3n del RD 1112\/2018 seg\u00fan lo establecido por el art\u00edculo 3, apartado 4.<\/span><\/li>\n<li style=\"font-weight: 400;\" aria-level=\"2\"><span style=\"font-weight: 400;\">Contenidos que est\u00e1n exentos del cumplimiento de los requisitos de accesibilidad por imponer una carga desproporcionada.<\/span><\/li>\n<\/ul>\n<\/li>\n<\/ul>\n<p><span style=\"font-weight: 400;\">En la Solicitud de informaci\u00f3n accesible, se debe concretar, con toda claridad, los hechos, razones y petici\u00f3n que permitan constatar que se trata de una solicitud razonable y leg\u00edtima.<\/span><\/p>\n<p><span style=\"font-weight: 400;\">Las comunicaciones ser\u00e1n recibidas y tratadas por la direcci\u00f3n de la empresa, como unidad responsable de los contenidos de este sitio web.<\/span><\/p>\n<h4><b>Contenido opcional<\/b><\/h4>\n<p><span style=\"font-weight: 400;\">La versi\u00f3n actualmente visible de este sitio web es del d\u00eda 12\/02\/25 y en esa fecha se hizo la revisi\u00f3n del nivel de accesibilidad vigente en aquel momento.<\/span><\/p>\n<p><span style=\"font-weight: 400;\">A partir de dicha fecha se llevan a cabo revisiones parciales diarias del contenido web nuevo o modificado, tanto de las plantillas como de las p\u00e1ginas y documentos finales publicados, a fin de asegurar el cumplimiento de los requerimientos de accesibilidad de la Norma UNE-EN 301549:2022, considerando las excepciones del Real Decreto 1112\/2018, de 7 de septiembre.<\/span><\/p>\n<p><span style=\"font-weight: 400;\">Entre otras se adoptan las siguientes medidas para facilitar la accesibilidad:<\/span><\/p>\n<ul>\n<li style=\"font-weight: 400;\" aria-level=\"1\"><span style=\"font-weight: 400;\">Utilizaci\u00f3n de texto alternativo en las im\u00e1genes.<\/span><\/li>\n<li style=\"font-weight: 400;\" aria-level=\"1\"><span style=\"font-weight: 400;\">Los enlaces ofrecen detalles de la funci\u00f3n o destino del hiperv\u00ednculo.<\/span><\/li>\n<li style=\"font-weight: 400;\" aria-level=\"1\"><span style=\"font-weight: 400;\">Uso de los est\u00e1ndares del W3C: XHTML 1.0, CSS 3.0, WAI AA.<\/span><\/li>\n<\/ul>\n<h4><b>Compatibilidad<\/b><\/h4>\n<p><span style=\"font-weight: 400;\">El sitio web: <\/span><a href=\"https:\/\/artedentalvalencia.com\/en\/\"><span style=\"font-weight: 400;\">https:\/\/artedentalvalencia.com\/<\/span><\/a><span style=\"font-weight: 400;\">&nbsp;<\/span><\/p>\n<ul>\n<li style=\"font-weight: 400;\" aria-level=\"1\"><span style=\"font-weight: 400;\">se ha dise\u00f1ado adapt\u00e1ndose a los est\u00e1ndares y normativas vigentes en relaci\u00f3n a la accesibilidad, cumpliendo con los puntos de verificaci\u00f3n de prioridad 2 (AA) definidos en la especificaci\u00f3n de Pautas de Accesibilidad al Contenido en la Web (WCAG 2.1)<\/span><\/li>\n<li style=\"font-weight: 400;\" aria-level=\"1\"><span style=\"font-weight: 400;\">est\u00e1 optimizado para las \u00faltimas versiones vigentes de Chrome, Edge, Firefox, Safari y Opera<\/span><\/li>\n<li style=\"font-weight: 400;\" aria-level=\"1\"><span style=\"font-weight: 400;\">est\u00e1 dise\u00f1ado para su correcta visualizaci\u00f3n en cualquier resoluci\u00f3n y dispositivo de escritorio, tabletas o m\u00f3viles (dise\u00f1o responsive)<\/span><\/li>\n<li style=\"font-weight: 400;\" aria-level=\"1\"><span style=\"font-weight: 400;\">se ha realizado utilizando HTML5 como lenguaje de marcado y hojas de estilo CSS 3 para su dise\u00f1o.<\/span><\/li>\n<\/ul>\n<p><span style=\"font-weight: 400;\">Adem\u00e1s, se realiza un trabajo continuo de auditor\u00eda y revisi\u00f3n de contenidos para facilitar su interpretaci\u00f3n y mejorar la navegaci\u00f3n por el portal web.<\/span><\/p>\t\t\t\t\t\t\t\t<\/div>\n\t\t\t\t<\/div>\n\t\t\t\t\t<\/div>\n\t\t\t\t<\/div>\n\t\t\t\t<\/div>","protected":false},"excerpt":{"rendered":"<p>Declaraci\u00f3n de accesibilidad Arte Dental&nbsp;(en adelante, tambi\u00e9n Sitio Web) se ha comprometido a hacer accesible contenido de conformidad con el criterio de accesibilidad del Programa Kit Digital, conforme a los anexos de la norma UNE-EN 301 549:2022. La presente declaraci\u00f3n de accesibilidad se aplica al sitio web&nbsp; https:\/\/artedentalvalencia.com\/&nbsp; Situaci\u00f3n de cumplimiento Este Sitio Web es [&hellip;]<\/p>","protected":false},"author":1,"featured_media":0,"parent":0,"menu_order":0,"comment_status":"closed","ping_status":"closed","template":"","meta":{"_joinchat":[],"footnotes":""},"class_list":["post-708","page","type-page","status-publish","hentry"],"yoast_head":"<!-- This site is optimized with the Yoast SEO plugin v24.5 - https:\/\/yoast.com\/wordpress\/plugins\/seo\/ -->\n<title>Declaraci\u00f3n de accesibilidad - Arte Dental<\/title>\n<meta name=\"robots\" content=\"index, follow, max-snippet:-1, max-image-preview:large, max-video-preview:-1\" \/>\n<link rel=\"canonical\" href=\"https:\/\/artedentalvalencia.com\/en\/declaracion-de-accesibilidad\/\" \/>\n<meta property=\"og:locale\" content=\"en_US\" \/>\n<meta property=\"og:type\" content=\"article\" \/>\n<meta property=\"og:title\" content=\"Declaraci\u00f3n de accesibilidad - Arte Dental\" \/>\n<meta property=\"og:description\" content=\"Declaraci\u00f3n de accesibilidad Arte Dental&nbsp;(en adelante, tambi\u00e9n Sitio Web) se ha comprometido a hacer accesible contenido de conformidad con el criterio de accesibilidad del Programa Kit Digital, conforme a los anexos de la norma UNE-EN 301 549:2022. La presente declaraci\u00f3n de accesibilidad se aplica al sitio web&nbsp; https:\/\/artedentalvalencia.com\/&nbsp; Situaci\u00f3n de cumplimiento Este Sitio Web es [&hellip;]\" \/>\n<meta property=\"og:url\" content=\"https:\/\/artedentalvalencia.com\/en\/declaracion-de-accesibilidad\/\" \/>\n<meta property=\"og:site_name\" content=\"Arte Dental\" \/>\n<meta property=\"article:modified_time\" content=\"2025-02-13T09:58:28+00:00\" \/>\n<meta property=\"og:image\" content=\"https:\/\/artedentalvalencia.com\/wp-content\/uploads\/2025\/02\/Sin-titulo.jpg\" \/>\n\t<meta property=\"og:image:width\" content=\"765\" \/>\n\t<meta property=\"og:image:height\" content=\"1020\" \/>\n\t<meta property=\"og:image:type\" content=\"image\/jpeg\" \/>\n<meta name=\"twitter:card\" content=\"summary_large_image\" \/>\n<meta name=\"twitter:label1\" content=\"Est. reading time\" \/>\n\t<meta name=\"twitter:data1\" content=\"6 minutes\" \/>\n<script type=\"application\/ld+json\" class=\"yoast-schema-graph\">{\"@context\":\"https:\/\/schema.org\",\"@graph\":[{\"@type\":\"WebPage\",\"@id\":\"https:\/\/artedentalvalencia.com\/declaracion-de-accesibilidad\/\",\"url\":\"https:\/\/artedentalvalencia.com\/declaracion-de-accesibilidad\/\",\"name\":\"Declaraci\u00f3n de accesibilidad - Arte Dental\",\"isPartOf\":{\"@id\":\"https:\/\/artedentalvalencia.com\/#website\"},\"datePublished\":\"2025-01-08T07:45:00+00:00\",\"dateModified\":\"2025-02-13T09:58:28+00:00\",\"breadcrumb\":{\"@id\":\"https:\/\/artedentalvalencia.com\/declaracion-de-accesibilidad\/#breadcrumb\"},\"inLanguage\":\"en-US\",\"potentialAction\":[{\"@type\":\"ReadAction\",\"target\":[\"https:\/\/artedentalvalencia.com\/declaracion-de-accesibilidad\/\"]}]},{\"@type\":\"BreadcrumbList\",\"@id\":\"https:\/\/artedentalvalencia.com\/declaracion-de-accesibilidad\/#breadcrumb\",\"itemListElement\":[{\"@type\":\"ListItem\",\"position\":1,\"name\":\"Portada\",\"item\":\"https:\/\/artedentalvalencia.com\/\"},{\"@type\":\"ListItem\",\"position\":2,\"name\":\"Declaraci\u00f3n de accesibilidad\"}]},{\"@type\":\"WebSite\",\"@id\":\"https:\/\/artedentalvalencia.com\/#website\",\"url\":\"https:\/\/artedentalvalencia.com\/\",\"name\":\"Arte Dental\",\"description\":\"\",\"publisher\":{\"@id\":\"https:\/\/artedentalvalencia.com\/#organization\"},\"potentialAction\":[{\"@type\":\"SearchAction\",\"target\":{\"@type\":\"EntryPoint\",\"urlTemplate\":\"https:\/\/artedentalvalencia.com\/?s={search_term_string}\"},\"query-input\":{\"@type\":\"PropertyValueSpecification\",\"valueRequired\":true,\"valueName\":\"search_term_string\"}}],\"inLanguage\":\"en-US\"},{\"@type\":\"Organization\",\"@id\":\"https:\/\/artedentalvalencia.com\/#organization\",\"name\":\"Arte Dental\",\"url\":\"https:\/\/artedentalvalencia.com\/\",\"logo\":{\"@type\":\"ImageObject\",\"inLanguage\":\"en-US\",\"@id\":\"https:\/\/artedentalvalencia.com\/#\/schema\/logo\/image\/\",\"url\":\"https:\/\/artedentalvalencia.com\/wp-content\/uploads\/2024\/12\/image-1-e1739098003262.png\",\"contentUrl\":\"https:\/\/artedentalvalencia.com\/wp-content\/uploads\/2024\/12\/image-1-e1739098003262.png\",\"width\":500,\"height\":245,\"caption\":\"Arte Dental\"},\"image\":{\"@id\":\"https:\/\/artedentalvalencia.com\/#\/schema\/logo\/image\/\"}}]}<\/script>\n<!-- \/ Yoast SEO plugin. -->","yoast_head_json":{"title":"Declaraci\u00f3n de accesibilidad - Arte Dental","robots":{"index":"index","follow":"follow","max-snippet":"max-snippet:-1","max-image-preview":"max-image-preview:large","max-video-preview":"max-video-preview:-1"},"canonical":"https:\/\/artedentalvalencia.com\/en\/declaracion-de-accesibilidad\/","og_locale":"en_US","og_type":"article","og_title":"Declaraci\u00f3n de accesibilidad - Arte Dental","og_description":"Declaraci\u00f3n de accesibilidad Arte Dental&nbsp;(en adelante, tambi\u00e9n Sitio Web) se ha comprometido a hacer accesible contenido de conformidad con el criterio de accesibilidad del Programa Kit Digital, conforme a los anexos de la norma UNE-EN 301 549:2022. La presente declaraci\u00f3n de accesibilidad se aplica al sitio web&nbsp; https:\/\/artedentalvalencia.com\/&nbsp; Situaci\u00f3n de cumplimiento Este Sitio Web es [&hellip;]","og_url":"https:\/\/artedentalvalencia.com\/en\/declaracion-de-accesibilidad\/","og_site_name":"Arte Dental","article_modified_time":"2025-02-13T09:58:28+00:00","og_image":[{"width":765,"height":1020,"url":"https:\/\/artedentalvalencia.com\/wp-content\/uploads\/2025\/02\/Sin-titulo.jpg","type":"image\/jpeg"}],"twitter_card":"summary_large_image","twitter_misc":{"Est. reading time":"6 minutes"},"schema":{"@context":"https:\/\/schema.org","@graph":[{"@type":"WebPage","@id":"https:\/\/artedentalvalencia.com\/declaracion-de-accesibilidad\/","url":"https:\/\/artedentalvalencia.com\/declaracion-de-accesibilidad\/","name":"Declaraci\u00f3n de accesibilidad - Arte Dental","isPartOf":{"@id":"https:\/\/artedentalvalencia.com\/#website"},"datePublished":"2025-01-08T07:45:00+00:00","dateModified":"2025-02-13T09:58:28+00:00","breadcrumb":{"@id":"https:\/\/artedentalvalencia.com\/declaracion-de-accesibilidad\/#breadcrumb"},"inLanguage":"en-US","potentialAction":[{"@type":"ReadAction","target":["https:\/\/artedentalvalencia.com\/declaracion-de-accesibilidad\/"]}]},{"@type":"BreadcrumbList","@id":"https:\/\/artedentalvalencia.com\/declaracion-de-accesibilidad\/#breadcrumb","itemListElement":[{"@type":"ListItem","position":1,"name":"Portada","item":"https:\/\/artedentalvalencia.com\/"},{"@type":"ListItem","position":2,"name":"Declaraci\u00f3n de accesibilidad"}]},{"@type":"WebSite","@id":"https:\/\/artedentalvalencia.com\/#website","url":"https:\/\/artedentalvalencia.com\/","name":"Arte Dental","description":"","publisher":{"@id":"https:\/\/artedentalvalencia.com\/#organization"},"potentialAction":[{"@type":"SearchAction","target":{"@type":"EntryPoint","urlTemplate":"https:\/\/artedentalvalencia.com\/?s={search_term_string}"},"query-input":{"@type":"PropertyValueSpecification","valueRequired":true,"valueName":"search_term_string"}}],"inLanguage":"en-US"},{"@type":"Organization","@id":"https:\/\/artedentalvalencia.com\/#organization","name":"Arte Dental","url":"https:\/\/artedentalvalencia.com\/","logo":{"@type":"ImageObject","inLanguage":"en-US","@id":"https:\/\/artedentalvalencia.com\/#\/schema\/logo\/image\/","url":"https:\/\/artedentalvalencia.com\/wp-content\/uploads\/2024\/12\/image-1-e1739098003262.png","contentUrl":"https:\/\/artedentalvalencia.com\/wp-content\/uploads\/2024\/12\/image-1-e1739098003262.png","width":500,"height":245,"caption":"Arte Dental"},"image":{"@id":"https:\/\/artedentalvalencia.com\/#\/schema\/logo\/image\/"}}]}},"_links":{"self":[{"href":"https:\/\/artedentalvalencia.com\/en\/wp-json\/wp\/v2\/pages\/708","targetHints":{"allow":["GET"]}}],"collection":[{"href":"https:\/\/artedentalvalencia.com\/en\/wp-json\/wp\/v2\/pages"}],"about":[{"href":"https:\/\/artedentalvalencia.com\/en\/wp-json\/wp\/v2\/types\/page"}],"author":[{"embeddable":true,"href":"https:\/\/artedentalvalencia.com\/en\/wp-json\/wp\/v2\/users\/1"}],"replies":[{"embeddable":true,"href":"https:\/\/artedentalvalencia.com\/en\/wp-json\/wp\/v2\/comments?post=708"}],"version-history":[{"count":17,"href":"https:\/\/artedentalvalencia.com\/en\/wp-json\/wp\/v2\/pages\/708\/revisions"}],"predecessor-version":[{"id":1203,"href":"https:\/\/artedentalvalencia.com\/en\/wp-json\/wp\/v2\/pages\/708\/revisions\/1203"}],"wp:attachment":[{"href":"https:\/\/artedentalvalencia.com\/en\/wp-json\/wp\/v2\/media?parent=708"}],"curies":[{"name":"wp","href":"https:\/\/api.w.org\/{rel}","templated":true}]}}