{"id":406,"date":"2024-12-20T15:22:59","date_gmt":"2024-12-20T15:22:59","guid":{"rendered":"https:\/\/artedentalvalencia.com\/?page_id=406"},"modified":"2025-02-04T07:50:55","modified_gmt":"2025-02-04T07:50:55","slug":"politica-de-privacidad","status":"publish","type":"page","link":"https:\/\/artedentalvalencia.com\/en\/politica-de-privacidad\/","title":{"rendered":"Pol\u00edtica de Privacidad"},"content":{"rendered":"<div data-elementor-type=\"wp-page\" data-elementor-id=\"406\" class=\"elementor elementor-406\" data-elementor-post-type=\"page\">\n\t\t\t\t<div class=\"elementor-element elementor-element-273e778 e-flex e-con-boxed e-con e-parent\" data-id=\"273e778\" data-element_type=\"container\">\n\t\t\t\t\t<div class=\"e-con-inner\">\n\t\t\t\t<div class=\"elementor-element elementor-element-9f849ed elementor-widget elementor-widget-text-editor\" data-id=\"9f849ed\" data-element_type=\"widget\" data-widget_type=\"text-editor.default\">\n\t\t\t\t<div class=\"elementor-widget-container\">\n\t\t\t\t\t\t\t\t\t\n<h2 class=\"wp-block-heading\"><\/h2>\n\t\t\t\t\t\t\t\t<\/div>\n\t\t\t\t<\/div>\n\t\t\t\t\t<\/div>\n\t\t\t\t<\/div>\n\t\t<div class=\"elementor-element elementor-element-cb46e68 e-flex e-con-boxed e-con e-parent\" data-id=\"cb46e68\" data-element_type=\"container\">\n\t\t\t\t\t<div class=\"e-con-inner\">\n\t\t\t\t<div class=\"elementor-element elementor-element-6e7dd76 elementor-widget elementor-widget-heading\" data-id=\"6e7dd76\" data-element_type=\"widget\" data-widget_type=\"heading.default\">\n\t\t\t\t<div class=\"elementor-widget-container\">\n\t\t\t\t\t<h1 class=\"elementor-heading-title elementor-size-default\">Pol\u00edtica de Privacidad<\/h1>\t\t\t\t<\/div>\n\t\t\t\t<\/div>\n\t\t\t\t<div class=\"elementor-element elementor-element-2a98e31 elementor-widget elementor-widget-text-editor\" data-id=\"2a98e31\" data-element_type=\"widget\" data-widget_type=\"text-editor.default\">\n\t\t\t\t<div class=\"elementor-widget-container\">\n\t\t\t\t\t\t\t\t\t<p>Cuando precisemos obtener informaci\u00f3n por su parte, siempre le solicitaremos que nos la proporcione voluntariamente de forma expresa. Los datos recabados a trav\u00e9s de los formularios de recogida de datos del sitio web u otras v\u00edas ser\u00e1n incorporados a los sistemas de tratamiento de&nbsp;<span style=\"font-weight: 700; color: var( --e-global-color-text ); font-family: var( --e-global-typography-text-font-family ), Sans-serif; font-size: var( --e-global-typography-text-font-size ); text-align: var(--text-align);\">Arte Dental<\/span><\/p>\n<p>Esta entidad tratar\u00e1 los datos de forma confidencial y exclusivamente con la finalidad de ofrecer los servicios solicitados, con todas las garant\u00edas legales y de seguridad que impone el Reglamento (UE) 2016\/679 del Parlamento Europeo y del Consejo, de 27 de abril de 2016, relativo a la protecci\u00f3n de las personas f\u00edsicas en lo que respecta al tratamiento de datos personales y a la libre circulaci\u00f3n de estos datos&nbsp;y la&nbsp;Ley 34\/2002, de 11 de julio, de Servicios de la Sociedad de la Informaci\u00f3n y Comercio Electr\u00f3nico.<\/p>\n<p><strong>\u00bfQui\u00e9n es el responsable de tratamiento de sus datos?<\/strong><\/p>\n<ul>\n<li>El responsable es&nbsp; <b>Arte Dental<\/b><\/li>\n<li>Su CIF es: <b>05422819v<\/b><\/li>\n<li>Su domicilio est\u00e1 en:<b>&nbsp;<\/b><b style=\"background-color: transparent; color: var( --e-global-color-text ); font-family: var( --e-global-typography-text-font-family ), Sans-serif; text-align: var(--text-align);\">Calle Bilbao 44, 46009, Valencia<\/b><\/li>\n<li>Correo electr\u00f3nico<strong>:&nbsp;<\/strong><b>artedentalespecialidades@gmail.com<\/b><\/li>\n<\/ul>\n<p><strong>\u00bfCon que finalidad tratamos sus datos personales?<\/strong><\/p>\n<p>En&nbsp;<span style=\"font-weight: 700; color: var( --e-global-color-text ); font-family: var( --e-global-typography-text-font-family ), Sans-serif; font-size: var( --e-global-typography-text-font-size ); text-align: var(--text-align);\">Arte Dental<\/span><b style=\"color: var( --e-global-color-text ); font-family: var( --e-global-typography-text-font-family ), Sans-serif; font-size: var( --e-global-typography-text-font-size ); text-align: var(--text-align);\">&nbsp;<\/b><span style=\"color: var( --e-global-color-text ); font-family: var( --e-global-typography-text-font-family ), Sans-serif; font-size: var( --e-global-typography-text-font-size ); font-weight: var( --e-global-typography-text-font-weight ); text-align: var(--text-align);\">tratamos la informaci\u00f3n que nos facilitan los interesados de manera leal, l\u00edcita y transparente dando cumplimiento a la normativa UE 2016\/679 de 27 de abril del Parlamento Europeo y del Consejo y Ley 3\/2018 de 5 de diciembre de Protecci\u00f3n de datos y garant\u00eda de derechos digitales.<\/span><\/p>\n<p><strong><u>Si eres CLIENTE\/PACIENTE o USUARIO<\/u><\/strong>:<\/p>\n<p>Si eres cliente\/paciente o usuario, trataremos las siguientes categor\u00edas de datos personales:<\/p>\n<ul>\n<li>Datos identificativos (nombre, apellidos, DNI\u2026)<\/li>\n<li>Datos de contacto (correo electr\u00f3nico, Whatsapp\u2026)<\/li>\n<li>Datos bancarios (n\u00famero de cuenta, tarjeta bancaria&#8230;)<\/li>\n<li>Datos econ\u00f3micos en caso de solicitar financiaci\u00f3n (n\u00f3mina, documentaci\u00f3n relativa a la solvencia econ\u00f3mica\u2026)<\/li>\n<li>Datos de historia cl\u00ednica (salud, imagen&#8230;).<\/li>\n<li>Otros datos (facilitados por el interesado en formularios abiertos o comunicaciones).<\/li>\n<\/ul>\n<p>Tratamos tus datos con la finalidad de:<\/p>\n<ul>\n<li>Gestionar los servicios, informaci\u00f3n y\/o productos solicitados.<\/li>\n<li>Realizar los tratamientos y seguimiento m\u00e9dico.<\/li>\n<li>Enviar comunicaciones de inter\u00e9s (si el interesado hubiera prestado la debida autorizaci\u00f3n)<\/li>\n<li>Cumplir las obligaciones legales aplicables al responsable.<\/li>\n<\/ul>\n<p><strong><u>Si eres EMPLEADO o SOLICITANTE DE EMPLEO<\/u><\/strong>:<\/p>\n<p>Si eres empleado o solicitante\/candidato, trataremos las siguientes categor\u00edas de datos personales<\/p>\n<ul>\n<li>Datos identificativos (nombre, apellidos, DNI\u2026)<\/li>\n<li>Datos incluidos en el curr\u00edculum vitae (Estudios, experiencia laboral, aficiones\u2026)<\/li>\n<li>Datos de contacto (correo electr\u00f3nico, Whatsapp\u2026)<\/li>\n<li>Datos bancarios (n\u00famero de cuenta, titular, mandato SEPA)<\/li>\n<li>Imagen<\/li>\n<li>Otros datos (facilitados por el interesado en formularios abiertos o comunicaciones)<\/li>\n<\/ul>\n<p>Tratamos tus datos con la finalidad de:<\/p>\n<ul>\n<li>Gestionar los derechos y obligaciones relativos a la relaci\u00f3n contractual.<\/li>\n<li>Selecci\u00f3n de candidatos<\/li>\n<li>Uso, reproducci\u00f3n o publicaci\u00f3n de imagen, nombre y voz (si el interesado hubiera prestado la debida autorizaci\u00f3n)<\/li>\n<li>Cumplir las obligaciones legales de las empresas.<\/li>\n<\/ul>\n<p><strong><u>Si eres PROVEEDOR de nuestra empresa<\/u><\/strong>:<\/p>\n<p>Si eres proveedor, trataremos las siguientes categor\u00edas de datos personales:<\/p>\n<ul>\n<li>Datos identificativos (nombre, apellidos, DNI\u2026)<\/li>\n<li>Datos de contacto (correo electr\u00f3nico, Whatsapp\u2026)<\/li>\n<li>Datos bancarios (n\u00famero de cuenta, facturaci\u00f3n\u2026)<\/li>\n<li>Otros datos (facilitados por el interesado en formularios abiertos o comunicaciones)<\/li>\n<\/ul>\n<p>Tratamos tus datos con la finalidad de:<\/p>\n<ul>\n<li>Gesti\u00f3n administrativa, contable y fiscal.<\/li>\n<li>Seguimiento y control de la relaci\u00f3n mercantil.<\/li>\n<li>Cumplir las obligaciones legales de las empresas<\/li>\n<\/ul>\n<ul>\n<li><strong>\u00bfEstoy obligado a facilitar los datos personales?<\/strong><\/li>\n<\/ul>\n<p><strong>Te Lo Reformamos&nbsp;<\/strong>solo solicitar\u00e1 los datos estrictamente necesarios para la realizaci\u00f3n de la finalidad para la cual son recabados, por lo que en caso de no ser facilitados no podr\u00e1 prestarse el servicio solicitado.<\/p>\n<ul>\n<li><strong>\u00bfPor cu\u00e1nto tiempo conservaremos sus datos?<\/strong><\/li>\n<\/ul>\n<p>Los datos personales proporcionados y obtenidos durante la relaci\u00f3n entre el interesado y&nbsp;<span style=\"font-weight: 700; color: var( --e-global-color-text ); font-family: var( --e-global-typography-text-font-family ), Sans-serif; font-size: var( --e-global-typography-text-font-size ); text-align: var(--text-align);\">Arte Dental<\/span><b style=\"color: var( --e-global-color-text ); font-family: var( --e-global-typography-text-font-family ), Sans-serif; font-size: var( --e-global-typography-text-font-size ); text-align: var(--text-align);\">&nbsp;<\/b><span style=\"color: var( --e-global-color-text ); font-family: var( --e-global-typography-text-font-family ), Sans-serif; font-size: var( --e-global-typography-text-font-size ); font-weight: var( --e-global-typography-text-font-weight ); text-align: var(--text-align);\">ser\u00e1n conservados durante un plazo m\u00e1ximo de 5 a\u00f1os a partir de la \u00faltima confirmaci\u00f3n de inter\u00e9s o mientras nos obligue una previsi\u00f3n legal, en cuyo caso ser\u00e1n conservados debidamente bloqueados y eliminados cuando no sea necesario.&nbsp;<\/span><\/p>\n<ul>\n<li><strong>\u00bfCu\u00e1l es la legitimaci\u00f3n para el tratamiento de sus datos?<\/strong><\/li>\n<\/ul>\n<p>En cumplimiento del art\u00edculo 6.1 del Reglamento UE 2016\/679 de 27 de abril le informamos que la legitimaci\u00f3n para el tratamiento de sus datos es la siguiente:<\/p>\n<ol>\n<li><em>el interesado dio su consentimiento para el tratamiento de sus datos personales para uno o varios fines espec\u00edficos y\/o<\/em><\/li>\n<li><em>el tratamiento es necesario para el cumplimiento de una obligaci\u00f3n legal aplicable al responsable del tratamiento y\/o<\/em><\/li>\n<li><em>el tratamiento es necesario para la satisfacci\u00f3n de intereses leg\u00edtimos perseguidos por el responsable del tratamiento o por un tercero, siempre que sobre dichos intereses no prevalezcan los intereses o los derechos y libertades fundamentales del interesado que requieran la protecci\u00f3n de datos personales, en particular cuando el interesado sea un ni\u00f1o.<\/em><\/li>\n<\/ol>\n<p><strong>&nbsp;<\/strong><\/p>\n<ul>\n<li><strong>\u00bfA qu\u00e9 destinatarios se comunicar\u00e1n sus datos?<\/strong><\/li>\n<\/ul>\n<p>Los datos tratados por&nbsp;<span style=\"font-weight: 700; color: var( --e-global-color-text ); font-family: var( --e-global-typography-text-font-family ), Sans-serif; font-size: var( --e-global-typography-text-font-size ); text-align: var(--text-align);\">Arte Dental<\/span><b style=\"color: var( --e-global-color-text ); font-family: var( --e-global-typography-text-font-family ), Sans-serif; font-size: var( --e-global-typography-text-font-size ); text-align: var(--text-align);\">&nbsp;<\/b><span style=\"color: var( --e-global-color-text ); font-family: var( --e-global-typography-text-font-family ), Sans-serif; font-size: var( --e-global-typography-text-font-size ); font-weight: var( --e-global-typography-text-font-weight ); text-align: var(--text-align);\">podr\u00e1n ser comunicados a terceros cuando as\u00ed nos obligue una previsi\u00f3n legal.<\/span><\/p>\n<p>Asimismo&nbsp;<span style=\"font-weight: 700; color: var( --e-global-color-text ); font-family: var( --e-global-typography-text-font-family ), Sans-serif; font-size: var( --e-global-typography-text-font-size ); text-align: var(--text-align);\">Arte Dental<\/span><span style=\"color: var( --e-global-color-text ); font-family: var( --e-global-typography-text-font-family ), Sans-serif; font-size: var( --e-global-typography-text-font-size ); font-weight: var( --e-global-typography-text-font-weight ); text-align: var(--text-align);\">&nbsp;cuenta con proveedores de servicios para los cuales es necesario realizar comunicaci\u00f3n de datos en diferentes \u00e1reas empresariales (administraci\u00f3n, contabilidad, fiscalidad, marketing, laboral&#8230;). La relaci\u00f3n con estas empresas est\u00e1 regulada seg\u00fan el art\u00edculo 28 del Reglamento UE 2016\/679 de 27 de abril del Parlamento Europeo y del Consejo (RGPD). Los datos accedidos desde dichas empresas solo ser\u00e1n utilizados para el fin empresarial necesario no siendo conservados para cualquier fin ulterior.<\/span><\/p>\n<ul>\n<li><strong>\u00bfCu\u00e1les son sus derechos cuando nos facilita sus datos?<\/strong><\/li>\n<\/ul>\n<p>Cualquier interesado tiene derecho a obtener confirmaci\u00f3n sobre si en&nbsp;<span style=\"font-weight: 700; color: var( --e-global-color-text ); font-family: var( --e-global-typography-text-font-family ), Sans-serif; font-size: var( --e-global-typography-text-font-size ); text-align: var(--text-align);\">Arte Dental&nbsp;<\/span><span style=\"color: var( --e-global-color-text ); font-family: var( --e-global-typography-text-font-family ), Sans-serif; font-size: var( --e-global-typography-text-font-size ); font-weight: var( --e-global-typography-text-font-weight ); text-align: var(--text-align);\">estamos tratando los datos personales que le conciernan o no.<\/span><\/p>\n<p>Las personas interesadas tienen derecho a acceder a sus datos personales, as\u00ed como solicitar la rectificaci\u00f3n de datos inexactos o, en su caso, solicitar su supresi\u00f3n cuando, entre otros motivos, los datos ya no sea necesarios para los fines para los que fueron recogidos.<\/p>\n<p>En determinadas circunstancias, los interesados podr\u00e1n solicitar la limitaci\u00f3n del tratamiento de sus datos, en cuyo caso \u00fanicamente los conservaremos para el ejercicio o la defensa de reclamaciones.&nbsp; Los usuarios tambi\u00e9n podr\u00e1n oponerse al tratamiento de sus datos.&nbsp;<span style=\"font-weight: 700; color: var( --e-global-color-text ); font-family: var( --e-global-typography-text-font-family ), Sans-serif; font-size: var( --e-global-typography-text-font-size ); text-align: var(--text-align);\">Arte Dental<\/span><b style=\"color: var( --e-global-color-text ); font-family: var( --e-global-typography-text-font-family ), Sans-serif; font-size: var( --e-global-typography-text-font-size ); text-align: var(--text-align);\">&nbsp;<\/b><span style=\"color: var( --e-global-color-text ); font-family: var( --e-global-typography-text-font-family ), Sans-serif; font-size: var( --e-global-typography-text-font-size ); font-weight: var( --e-global-typography-text-font-weight ); text-align: var(--text-align);\">dejar\u00e1 de tratar los datos, salvo por motivos leg\u00edtimos imperiosos, o en el ejercicio o defensa de reclamaciones.<\/span><\/p>\n<p>El usuario puede enviar un escrito a&nbsp;<span style=\"font-weight: 700; color: var( --e-global-color-text ); font-family: var( --e-global-typography-text-font-family ), Sans-serif; font-size: var( --e-global-typography-text-font-size ); text-align: var(--text-align);\">Arte Dental<\/span><span style=\"color: var( --e-global-color-text ); font-family: var( --e-global-typography-text-font-family ), Sans-serif; font-size: var( --e-global-typography-text-font-size ); font-weight: var( --e-global-typography-text-font-weight ); text-align: var(--text-align);\">, al domicilio del responsable, o bien por medio de un correo electr\u00f3nico indicado en el encabezado de la presente Pol\u00edtica, adjuntando fotocopia de su documento de identidad, en cualquier momento y de manera gratuita, para:<\/span><\/p>\n<ul>\n<li>Revocar los consentimientos otorgados.<\/li>\n<li>Obtener confirmaci\u00f3n acerca de si se est\u00e1n tratando datos personales que conciernen al Usuario o no.<\/li>\n<li>Acceder a sus datos personales.<\/li>\n<li>Rectificar los datos inexactos o incompletos.<\/li>\n<li>Solicitar la supresi\u00f3n de sus datos cuando, entre otros motivos, los datos ya no sean necesarios para los fines que fueron recogidos.<\/li>\n<li>Obtener de la limitaci\u00f3n del tratamiento de los datos cuando se cumpla alguna de las condiciones previstas en la normativa de protecci\u00f3n de datos.<\/li>\n<li>Solicitar la portabilidad de tus datos.<\/li>\n<li>Ponerse en contacto con el DPO de&nbsp;<span style=\"font-weight: 700;\">Arte Dental.<\/span><\/li>\n<li>Interponer una reclamaci\u00f3n en la autoridad de control (<a href=\"http:\/\/www.aepd.es\/\">www.aepd.es<\/a>) en caso de considerar vulnerados los derechos que le son reconocidos por la normativa aplicable en protecci\u00f3n de datos.<\/li>\n<\/ul>\n<p><span style=\"font-weight: 700; color: var( --e-global-color-text ); font-family: var( --e-global-typography-text-font-family ), Sans-serif; font-size: var( --e-global-typography-text-font-size ); text-align: var(--text-align);\">Arte Dental<\/span><strong>&nbsp;<\/strong>adopta los niveles de seguridad correspondientes requeridos por la citada&nbsp;normativa de Protecci\u00f3n de Datos de Car\u00e1cter Personal&nbsp;y dem\u00e1s normativa aplicable. Dichos niveles de seguridad son obligados para aquellas entidades que accedan a nuestra informaci\u00f3n en virtud de una relaci\u00f3n contractual y\/o prestaci\u00f3n de servicio, en aplicaci\u00f3n del art\u00edculo 28 del Reglamento UE 2016\/679 (RGPD)<\/p>\n<p>No obstante, no asume ninguna responsabilidad por los da\u00f1os y perjuicios derivados de alteraciones que terceros pueden causar en los sistemas inform\u00e1ticos, documentos electr\u00f3nicos o ficheros del usuario.<\/p>\n<p>Se&nbsp;podr\u00e1n utilizar cookies durante la prestaci\u00f3n de servicios del sitio web. Las cookies son ficheros f\u00edsicos de informaci\u00f3n personal alojados en el propio terminal del usuario. El usuario tiene la posibilidad de configurar su programa navegador de manera que se impida la creaci\u00f3n de archivos cookie o se advierta de la misma. Revise nuestra pol\u00edtica de cookies a trav\u00e9s del enlace que encontrar\u00e1 en esta web.<\/p>\n<p>Si opta a abandonar nuestro sitio web a trav\u00e9s de enlaces a sitios web no pertenecientes a nuestra entidad,&nbsp;<span style=\"font-weight: 700; color: var( --e-global-color-text ); font-family: var( --e-global-typography-text-font-family ), Sans-serif; font-size: var( --e-global-typography-text-font-size ); text-align: var(--text-align);\">Arte Dental<\/span><b style=\"color: var( --e-global-color-text ); font-family: var( --e-global-typography-text-font-family ), Sans-serif; font-size: var( --e-global-typography-text-font-size ); text-align: var(--text-align);\">&nbsp;<\/b><span style=\"color: var( --e-global-color-text ); font-family: var( --e-global-typography-text-font-family ), Sans-serif; font-size: var( --e-global-typography-text-font-size ); font-weight: var( --e-global-typography-text-font-weight ); text-align: var(--text-align);\">no se har\u00e1 responsable de las pol\u00edticas de privacidad de dichos sitios web ni de las cookies que \u00e9stos puedan almacenar en el ordenador del usuario.<\/span><\/p>\n<p>Nuestra pol\u00edtica con respecto al correo electr\u00f3nico se centra en remitir \u00fanicamente comunicaciones que usted haya solicitado recibir.<\/p>\n<p>Si prefiere no recibir estos mensajes por correo electr\u00f3nico le ofreceremos a trav\u00e9s de los mismos la posibilidad de ejercer su derecho de cancelaci\u00f3n y renuncia a la recepci\u00f3n de estos mensajes, en conformidad con lo dispuesto en el&nbsp;T\u00edtulo III, art\u00edculo 22 de la Ley 34\/2002 de Servicios para la Sociedad de la Informaci\u00f3n y de Comercio Electr\u00f3nico.<\/p>\t\t\t\t\t\t\t\t<\/div>\n\t\t\t\t<\/div>\n\t\t\t\t\t<\/div>\n\t\t\t\t<\/div>\n\t\t\t\t<\/div>","protected":false},"excerpt":{"rendered":"<p>Pol\u00edtica de Privacidad Cuando precisemos obtener informaci\u00f3n por su parte, siempre le solicitaremos que nos la proporcione voluntariamente de forma expresa. Los datos recabados a trav\u00e9s de los formularios de recogida de datos del sitio web u otras v\u00edas ser\u00e1n incorporados a los sistemas de tratamiento de&nbsp;Arte Dental Esta entidad tratar\u00e1 los datos de forma [&hellip;]<\/p>","protected":false},"author":1,"featured_media":0,"parent":0,"menu_order":0,"comment_status":"closed","ping_status":"closed","template":"","meta":{"_joinchat":[],"footnotes":""},"class_list":["post-406","page","type-page","status-publish","hentry"],"yoast_head":"<!-- This site is optimized with the Yoast SEO plugin v24.5 - https:\/\/yoast.com\/wordpress\/plugins\/seo\/ -->\n<title>Pol\u00edtica de Privacidad - Arte Dental<\/title>\n<meta name=\"robots\" content=\"index, follow, max-snippet:-1, max-image-preview:large, max-video-preview:-1\" \/>\n<link rel=\"canonical\" href=\"https:\/\/artedentalvalencia.com\/en\/politica-de-privacidad\/\" \/>\n<meta property=\"og:locale\" content=\"en_US\" \/>\n<meta property=\"og:type\" content=\"article\" \/>\n<meta property=\"og:title\" content=\"Pol\u00edtica de Privacidad - Arte Dental\" \/>\n<meta property=\"og:description\" content=\"Pol\u00edtica de Privacidad Cuando precisemos obtener informaci\u00f3n por su parte, siempre le solicitaremos que nos la proporcione voluntariamente de forma expresa. Los datos recabados a trav\u00e9s de los formularios de recogida de datos del sitio web u otras v\u00edas ser\u00e1n incorporados a los sistemas de tratamiento de&nbsp;Arte Dental Esta entidad tratar\u00e1 los datos de forma [&hellip;]\" \/>\n<meta property=\"og:url\" content=\"https:\/\/artedentalvalencia.com\/en\/politica-de-privacidad\/\" \/>\n<meta property=\"og:site_name\" content=\"Arte Dental\" \/>\n<meta property=\"article:modified_time\" content=\"2025-02-04T07:50:55+00:00\" \/>\n<meta property=\"og:image\" content=\"https:\/\/artedentalvalencia.com\/wp-content\/uploads\/2025\/02\/Sin-titulo.jpg\" \/>\n\t<meta property=\"og:image:width\" content=\"765\" \/>\n\t<meta property=\"og:image:height\" content=\"1020\" \/>\n\t<meta property=\"og:image:type\" content=\"image\/jpeg\" \/>\n<meta name=\"twitter:card\" content=\"summary_large_image\" \/>\n<meta name=\"twitter:label1\" content=\"Est. reading time\" \/>\n\t<meta name=\"twitter:data1\" content=\"7 minutes\" \/>\n<script type=\"application\/ld+json\" class=\"yoast-schema-graph\">{\"@context\":\"https:\/\/schema.org\",\"@graph\":[{\"@type\":\"WebPage\",\"@id\":\"https:\/\/artedentalvalencia.com\/politica-de-privacidad\/\",\"url\":\"https:\/\/artedentalvalencia.com\/politica-de-privacidad\/\",\"name\":\"Pol\u00edtica de Privacidad - Arte Dental\",\"isPartOf\":{\"@id\":\"https:\/\/artedentalvalencia.com\/#website\"},\"datePublished\":\"2024-12-20T15:22:59+00:00\",\"dateModified\":\"2025-02-04T07:50:55+00:00\",\"breadcrumb\":{\"@id\":\"https:\/\/artedentalvalencia.com\/politica-de-privacidad\/#breadcrumb\"},\"inLanguage\":\"en-US\",\"potentialAction\":[{\"@type\":\"ReadAction\",\"target\":[\"https:\/\/artedentalvalencia.com\/politica-de-privacidad\/\"]}]},{\"@type\":\"BreadcrumbList\",\"@id\":\"https:\/\/artedentalvalencia.com\/politica-de-privacidad\/#breadcrumb\",\"itemListElement\":[{\"@type\":\"ListItem\",\"position\":1,\"name\":\"Portada\",\"item\":\"https:\/\/artedentalvalencia.com\/\"},{\"@type\":\"ListItem\",\"position\":2,\"name\":\"Pol\u00edtica de Privacidad\"}]},{\"@type\":\"WebSite\",\"@id\":\"https:\/\/artedentalvalencia.com\/#website\",\"url\":\"https:\/\/artedentalvalencia.com\/\",\"name\":\"Arte Dental\",\"description\":\"\",\"publisher\":{\"@id\":\"https:\/\/artedentalvalencia.com\/#organization\"},\"potentialAction\":[{\"@type\":\"SearchAction\",\"target\":{\"@type\":\"EntryPoint\",\"urlTemplate\":\"https:\/\/artedentalvalencia.com\/?s={search_term_string}\"},\"query-input\":{\"@type\":\"PropertyValueSpecification\",\"valueRequired\":true,\"valueName\":\"search_term_string\"}}],\"inLanguage\":\"en-US\"},{\"@type\":\"Organization\",\"@id\":\"https:\/\/artedentalvalencia.com\/#organization\",\"name\":\"Arte Dental\",\"url\":\"https:\/\/artedentalvalencia.com\/\",\"logo\":{\"@type\":\"ImageObject\",\"inLanguage\":\"en-US\",\"@id\":\"https:\/\/artedentalvalencia.com\/#\/schema\/logo\/image\/\",\"url\":\"https:\/\/artedentalvalencia.com\/wp-content\/uploads\/2024\/12\/image-1-e1739098003262.png\",\"contentUrl\":\"https:\/\/artedentalvalencia.com\/wp-content\/uploads\/2024\/12\/image-1-e1739098003262.png\",\"width\":500,\"height\":245,\"caption\":\"Arte Dental\"},\"image\":{\"@id\":\"https:\/\/artedentalvalencia.com\/#\/schema\/logo\/image\/\"}}]}<\/script>\n<!-- \/ Yoast SEO plugin. -->","yoast_head_json":{"title":"Pol\u00edtica de Privacidad - Arte Dental","robots":{"index":"index","follow":"follow","max-snippet":"max-snippet:-1","max-image-preview":"max-image-preview:large","max-video-preview":"max-video-preview:-1"},"canonical":"https:\/\/artedentalvalencia.com\/en\/politica-de-privacidad\/","og_locale":"en_US","og_type":"article","og_title":"Pol\u00edtica de Privacidad - Arte Dental","og_description":"Pol\u00edtica de Privacidad Cuando precisemos obtener informaci\u00f3n por su parte, siempre le solicitaremos que nos la proporcione voluntariamente de forma expresa. Los datos recabados a trav\u00e9s de los formularios de recogida de datos del sitio web u otras v\u00edas ser\u00e1n incorporados a los sistemas de tratamiento de&nbsp;Arte Dental Esta entidad tratar\u00e1 los datos de forma [&hellip;]","og_url":"https:\/\/artedentalvalencia.com\/en\/politica-de-privacidad\/","og_site_name":"Arte Dental","article_modified_time":"2025-02-04T07:50:55+00:00","og_image":[{"width":765,"height":1020,"url":"https:\/\/artedentalvalencia.com\/wp-content\/uploads\/2025\/02\/Sin-titulo.jpg","type":"image\/jpeg"}],"twitter_card":"summary_large_image","twitter_misc":{"Est. reading time":"7 minutes"},"schema":{"@context":"https:\/\/schema.org","@graph":[{"@type":"WebPage","@id":"https:\/\/artedentalvalencia.com\/politica-de-privacidad\/","url":"https:\/\/artedentalvalencia.com\/politica-de-privacidad\/","name":"Pol\u00edtica de Privacidad - Arte Dental","isPartOf":{"@id":"https:\/\/artedentalvalencia.com\/#website"},"datePublished":"2024-12-20T15:22:59+00:00","dateModified":"2025-02-04T07:50:55+00:00","breadcrumb":{"@id":"https:\/\/artedentalvalencia.com\/politica-de-privacidad\/#breadcrumb"},"inLanguage":"en-US","potentialAction":[{"@type":"ReadAction","target":["https:\/\/artedentalvalencia.com\/politica-de-privacidad\/"]}]},{"@type":"BreadcrumbList","@id":"https:\/\/artedentalvalencia.com\/politica-de-privacidad\/#breadcrumb","itemListElement":[{"@type":"ListItem","position":1,"name":"Portada","item":"https:\/\/artedentalvalencia.com\/"},{"@type":"ListItem","position":2,"name":"Pol\u00edtica de Privacidad"}]},{"@type":"WebSite","@id":"https:\/\/artedentalvalencia.com\/#website","url":"https:\/\/artedentalvalencia.com\/","name":"Arte Dental","description":"","publisher":{"@id":"https:\/\/artedentalvalencia.com\/#organization"},"potentialAction":[{"@type":"SearchAction","target":{"@type":"EntryPoint","urlTemplate":"https:\/\/artedentalvalencia.com\/?s={search_term_string}"},"query-input":{"@type":"PropertyValueSpecification","valueRequired":true,"valueName":"search_term_string"}}],"inLanguage":"en-US"},{"@type":"Organization","@id":"https:\/\/artedentalvalencia.com\/#organization","name":"Arte Dental","url":"https:\/\/artedentalvalencia.com\/","logo":{"@type":"ImageObject","inLanguage":"en-US","@id":"https:\/\/artedentalvalencia.com\/#\/schema\/logo\/image\/","url":"https:\/\/artedentalvalencia.com\/wp-content\/uploads\/2024\/12\/image-1-e1739098003262.png","contentUrl":"https:\/\/artedentalvalencia.com\/wp-content\/uploads\/2024\/12\/image-1-e1739098003262.png","width":500,"height":245,"caption":"Arte Dental"},"image":{"@id":"https:\/\/artedentalvalencia.com\/#\/schema\/logo\/image\/"}}]}},"_links":{"self":[{"href":"https:\/\/artedentalvalencia.com\/en\/wp-json\/wp\/v2\/pages\/406","targetHints":{"allow":["GET"]}}],"collection":[{"href":"https:\/\/artedentalvalencia.com\/en\/wp-json\/wp\/v2\/pages"}],"about":[{"href":"https:\/\/artedentalvalencia.com\/en\/wp-json\/wp\/v2\/types\/page"}],"author":[{"embeddable":true,"href":"https:\/\/artedentalvalencia.com\/en\/wp-json\/wp\/v2\/users\/1"}],"replies":[{"embeddable":true,"href":"https:\/\/artedentalvalencia.com\/en\/wp-json\/wp\/v2\/comments?post=406"}],"version-history":[{"count":13,"href":"https:\/\/artedentalvalencia.com\/en\/wp-json\/wp\/v2\/pages\/406\/revisions"}],"predecessor-version":[{"id":1005,"href":"https:\/\/artedentalvalencia.com\/en\/wp-json\/wp\/v2\/pages\/406\/revisions\/1005"}],"wp:attachment":[{"href":"https:\/\/artedentalvalencia.com\/en\/wp-json\/wp\/v2\/media?parent=406"}],"curies":[{"name":"wp","href":"https:\/\/api.w.org\/{rel}","templated":true}]}}