{"id":129,"date":"2024-12-07T09:20:24","date_gmt":"2024-12-07T09:20:24","guid":{"rendered":"https:\/\/artedentalvalencia.com\/?page_id=129"},"modified":"2025-02-13T14:35:33","modified_gmt":"2025-02-13T14:35:33","slug":"quienes-somos","status":"publish","type":"page","link":"https:\/\/artedentalvalencia.com\/en\/quienes-somos\/","title":{"rendered":"Quienes Somos"},"content":{"rendered":"<div data-elementor-type=\"wp-page\" data-elementor-id=\"129\" class=\"elementor elementor-129\" data-elementor-post-type=\"page\">\n\t\t\t\t<div class=\"elementor-element elementor-element-528d415 e-con-full e-flex e-con e-parent\" data-id=\"528d415\" data-element_type=\"container\" data-settings=\"{&quot;background_background&quot;:&quot;classic&quot;}\">\n\t\t\t\t<div class=\"elementor-element elementor-element-7249c87 elementor-widget elementor-widget-heading\" data-id=\"7249c87\" data-element_type=\"widget\" data-widget_type=\"heading.default\">\n\t\t\t\t<div class=\"elementor-widget-container\">\n\t\t\t\t\t<h1 class=\"elementor-heading-title elementor-size-default\">\u00bfQuienes somos?<\/h1>\t\t\t\t<\/div>\n\t\t\t\t<\/div>\n\t\t\t\t<\/div>\n\t\t<div class=\"elementor-element elementor-element-50b78e4 e-flex e-con-boxed e-con e-parent\" data-id=\"50b78e4\" data-element_type=\"container\" data-settings=\"{&quot;background_background&quot;:&quot;classic&quot;}\">\n\t\t\t\t\t<div class=\"e-con-inner\">\n\t\t<div class=\"elementor-element elementor-element-9f45cf9 e-con-full e-flex e-con e-child\" data-id=\"9f45cf9\" data-element_type=\"container\">\n\t\t\t\t<div class=\"elementor-element elementor-element-ed72084 elementor-widget elementor-widget-image\" data-id=\"ed72084\" data-element_type=\"widget\" data-widget_type=\"image.default\">\n\t\t\t\t<div class=\"elementor-widget-container\">\n\t\t\t\t\t\t\t\t\t\t\t\t\t\t\t<img fetchpriority=\"high\" decoding=\"async\" width=\"2560\" height=\"1707\" src=\"https:\/\/artedentalvalencia.com\/wp-content\/uploads\/2025\/02\/dentist-matching-colour-tooth-enamel-with-whitening-chart-scaled.jpg\" class=\"attachment-full size-full wp-image-1030\" alt=\"clinica dental urgencias valencia\" srcset=\"https:\/\/artedentalvalencia.com\/wp-content\/uploads\/2025\/02\/dentist-matching-colour-tooth-enamel-with-whitening-chart-scaled.jpg 2560w, https:\/\/artedentalvalencia.com\/wp-content\/uploads\/2025\/02\/dentist-matching-colour-tooth-enamel-with-whitening-chart-300x200.jpg 300w, https:\/\/artedentalvalencia.com\/wp-content\/uploads\/2025\/02\/dentist-matching-colour-tooth-enamel-with-whitening-chart-1024x683.jpg 1024w, https:\/\/artedentalvalencia.com\/wp-content\/uploads\/2025\/02\/dentist-matching-colour-tooth-enamel-with-whitening-chart-768x512.jpg 768w, https:\/\/artedentalvalencia.com\/wp-content\/uploads\/2025\/02\/dentist-matching-colour-tooth-enamel-with-whitening-chart-1536x1024.jpg 1536w, https:\/\/artedentalvalencia.com\/wp-content\/uploads\/2025\/02\/dentist-matching-colour-tooth-enamel-with-whitening-chart-2048x1365.jpg 2048w\" sizes=\"(max-width: 2560px) 100vw, 2560px\" \/>\t\t\t\t\t\t\t\t\t\t\t\t\t\t\t<\/div>\n\t\t\t\t<\/div>\n\t\t\t\t<\/div>\n\t\t<div class=\"elementor-element elementor-element-097058f e-con-full e-flex e-con e-child\" data-id=\"097058f\" data-element_type=\"container\">\n\t\t\t\t<div class=\"elementor-element elementor-element-0a5ccdd elementor-widget elementor-widget-heading\" data-id=\"0a5ccdd\" data-element_type=\"widget\" data-widget_type=\"heading.default\">\n\t\t\t\t<div class=\"elementor-widget-container\">\n\t\t\t\t\t<h2 class=\"elementor-heading-title elementor-size-default\">Nuestra historia: pasi\u00f3n por la odontolog\u00eda y el bienestar<\/h2>\t\t\t\t<\/div>\n\t\t\t\t<\/div>\n\t\t\t\t<div class=\"elementor-element elementor-element-eba16bd elementor-widget elementor-widget-text-editor\" data-id=\"eba16bd\" data-element_type=\"widget\" data-widget_type=\"text-editor.default\">\n\t\t\t\t<div class=\"elementor-widget-container\">\n\t\t\t\t\t\t\t\t\t<p>Desde nuestros inicios, en <strong>Arte Dental<\/strong> hemos trabajado con un objetivo claro: cuidar la salud bucodental de nuestros pacientes con un enfoque humano y profesional. Con esfuerzo y dedicaci\u00f3n, hemos crecido hasta contar con dos cl\u00ednicas en Valencia, donde combinamos tecnolog\u00eda y experiencia para ofrecer soluciones odontol\u00f3gicas de calidad.<\/p><p>Nos enorgullece ser una cl\u00ednica de confianza, donde cada paciente recibe un trato cercano, tratamientos personalizados y la seguridad de estar en las mejores manos.<\/p>\t\t\t\t\t\t\t\t<\/div>\n\t\t\t\t<\/div>\n\t\t\t\t<div class=\"elementor-element elementor-element-0d58d9d elementor-align-left elementor-widget elementor-widget-button\" data-id=\"0d58d9d\" data-element_type=\"widget\" data-widget_type=\"button.default\">\n\t\t\t\t<div class=\"elementor-widget-container\">\n\t\t\t\t\t\t\t\t\t<div class=\"elementor-button-wrapper\">\n\t\t\t\t\t<a class=\"elementor-button elementor-button-link elementor-size-sm elementor-animation-grow\" href=\"\/en\/servicios\/\">\n\t\t\t\t\t\t<span class=\"elementor-button-content-wrapper\">\n\t\t\t\t\t\t\t\t\t<span class=\"elementor-button-text\">CONSULTA NUESTROS SERVICIOS<\/span>\n\t\t\t\t\t<\/span>\n\t\t\t\t\t<\/a>\n\t\t\t\t<\/div>\n\t\t\t\t\t\t\t\t<\/div>\n\t\t\t\t<\/div>\n\t\t\t\t<\/div>\n\t\t\t\t\t<\/div>\n\t\t\t\t<\/div>\n\t\t<div class=\"elementor-element elementor-element-113f9e3 e-flex e-con-boxed e-con e-parent\" data-id=\"113f9e3\" data-element_type=\"container\" data-settings=\"{&quot;background_background&quot;:&quot;classic&quot;}\">\n\t\t\t\t\t<div class=\"e-con-inner\">\n\t\t\t\t<div class=\"elementor-element elementor-element-60bc36e elementor-widget elementor-widget-heading\" data-id=\"60bc36e\" data-element_type=\"widget\" data-widget_type=\"heading.default\">\n\t\t\t\t<div class=\"elementor-widget-container\">\n\t\t\t\t\t<h2 class=\"elementor-heading-title elementor-size-default\">Detr\u00e1s de cada sonrisa, hay un gran equipo<\/h2>\t\t\t\t<\/div>\n\t\t\t\t<\/div>\n\t\t<div class=\"elementor-element elementor-element-de50b75 e-grid e-con-full e-con e-child\" data-id=\"de50b75\" data-element_type=\"container\" data-settings=\"{&quot;background_background&quot;:&quot;classic&quot;}\">\n\t\t\t\t<div class=\"elementor-element elementor-element-5fe9a82 elementor-widget__width-initial elementor-view-default elementor-position-top elementor-mobile-position-top elementor-widget elementor-widget-icon-box\" data-id=\"5fe9a82\" data-element_type=\"widget\" data-widget_type=\"icon-box.default\">\n\t\t\t\t<div class=\"elementor-widget-container\">\n\t\t\t\t\t\t\t<div class=\"elementor-icon-box-wrapper\">\n\n\t\t\t\t\t\t<div class=\"elementor-icon-box-icon\">\n\t\t\t\t<span  class=\"elementor-icon\">\n\t\t\t\t<svg aria-hidden=\"true\" class=\"e-font-icon-svg e-fas-handshake\" viewbox=\"0 0 640 512\" xmlns=\"http:\/\/www.w3.org\/2000\/svg\"><path d=\"M434.7 64h-85.9c-8 0-15.7 3-21.6 8.4l-98.3 90c-.1.1-.2.3-.3.4-16.6 15.6-16.3 40.5-2.1 56 12.7 13.9 39.4 17.6 56.1 2.7.1-.1.3-.1.4-.2l79.9-73.2c6.5-5.9 16.7-5.5 22.6 1 6 6.5 5.5 16.6-1 22.6l-26.1 23.9L504 313.8c2.9 2.4 5.5 5 7.9 7.7V128l-54.6-54.6c-5.9-6-14.1-9.4-22.6-9.4zM544 128.2v223.9c0 17.7 14.3 32 32 32h64V128.2h-96zm48 223.9c-8.8 0-16-7.2-16-16s7.2-16 16-16 16 7.2 16 16-7.2 16-16 16zM0 384h64c17.7 0 32-14.3 32-32V128.2H0V384zm48-63.9c8.8 0 16 7.2 16 16s-7.2 16-16 16-16-7.2-16-16c0-8.9 7.2-16 16-16zm435.9 18.6L334.6 217.5l-30 27.5c-29.7 27.1-75.2 24.5-101.7-4.4-26.9-29.4-24.8-74.9 4.4-101.7L289.1 64h-83.8c-8.5 0-16.6 3.4-22.6 9.4L128 128v223.9h18.3l90.5 81.9c27.4 22.3 67.7 18.1 90-9.3l.2-.2 17.9 15.5c15.9 13 39.4 10.5 52.3-5.4l31.4-38.6 5.4 4.4c13.7 11.1 33.9 9.1 45-4.7l9.5-11.7c11.2-13.8 9.1-33.9-4.6-45.1z\"><\/path><\/svg>\t\t\t\t<\/span>\n\t\t\t<\/div>\n\t\t\t\n\t\t\t\t\t\t<div class=\"elementor-icon-box-content\">\n\n\t\t\t\t\t\t\t\t\t<h3 class=\"elementor-icon-box-title\">\n\t\t\t\t\t\t<span  >\n\t\t\t\t\t\t\tProfesionales con experiencia\t\t\t\t\t\t<\/span>\n\t\t\t\t\t<\/h3>\n\t\t\t\t\n\t\t\t\t\t\t\t\t\t<p class=\"elementor-icon-box-description\">\n\t\t\t\t\t\tNuestro equipo est\u00e1 formado por especialistas en todas las \u00e1reas de la odontolog\u00eda, garantizando tratamientos seguros, precisos y adaptados a cada paciente.\t\t\t\t\t<\/p>\n\t\t\t\t\n\t\t\t<\/div>\n\t\t\t\n\t\t<\/div>\n\t\t\t\t\t\t<\/div>\n\t\t\t\t<\/div>\n\t\t\t\t<div class=\"elementor-element elementor-element-63f02b0 elementor-widget__width-initial elementor-view-default elementor-position-top elementor-mobile-position-top elementor-widget elementor-widget-icon-box\" data-id=\"63f02b0\" data-element_type=\"widget\" data-widget_type=\"icon-box.default\">\n\t\t\t\t<div class=\"elementor-widget-container\">\n\t\t\t\t\t\t\t<div class=\"elementor-icon-box-wrapper\">\n\n\t\t\t\t\t\t<div class=\"elementor-icon-box-icon\">\n\t\t\t\t<span  class=\"elementor-icon\">\n\t\t\t\t<svg aria-hidden=\"true\" class=\"e-font-icon-svg e-fas-hand-holding-medical\" viewbox=\"0 0 576 512\" xmlns=\"http:\/\/www.w3.org\/2000\/svg\"><path d=\"M159.88,175.82h64v64a16,16,0,0,0,16,16h64a16,16,0,0,0,16-16v-64h64a16,16,0,0,0,16-16v-64a16,16,0,0,0-16-16h-64v-64a16,16,0,0,0-16-16h-64a16,16,0,0,0-16,16v64h-64a16,16,0,0,0-16,16v64A16,16,0,0,0,159.88,175.82ZM568.07,336.13a39.91,39.91,0,0,0-55.93-8.47L392.47,415.84H271.86a16,16,0,0,1,0-32H350.1c16,0,30.75-10.87,33.37-26.61a32.06,32.06,0,0,0-31.62-37.38h-160a117.7,117.7,0,0,0-74.12,26.25l-46.5,37.74H15.87a16.11,16.11,0,0,0-16,16v96a16.11,16.11,0,0,0,16,16h347a104.8,104.8,0,0,0,61.7-20.27L559.6,392A40,40,0,0,0,568.07,336.13Z\"><\/path><\/svg>\t\t\t\t<\/span>\n\t\t\t<\/div>\n\t\t\t\n\t\t\t\t\t\t<div class=\"elementor-icon-box-content\">\n\n\t\t\t\t\t\t\t\t\t<h3 class=\"elementor-icon-box-title\">\n\t\t\t\t\t\t<span  >\n\t\t\t\t\t\t\tAtenci\u00f3n cercana y personalizada\t\t\t\t\t\t<\/span>\n\t\t\t\t\t<\/h3>\n\t\t\t\t\n\t\t\t\t\t\t\t\t\t<p class=\"elementor-icon-box-description\">\n\t\t\t\t\t\tNos preocupamos por tu bienestar, ofreciendo un trato c\u00e1lido y adaptado a tus necesidades para que cada visita sea una experiencia positiva.\t\t\t\t\t<\/p>\n\t\t\t\t\n\t\t\t<\/div>\n\t\t\t\n\t\t<\/div>\n\t\t\t\t\t\t<\/div>\n\t\t\t\t<\/div>\n\t\t\t\t<div class=\"elementor-element elementor-element-75f6d1b elementor-widget__width-initial elementor-view-default elementor-position-top elementor-mobile-position-top elementor-widget elementor-widget-icon-box\" data-id=\"75f6d1b\" data-element_type=\"widget\" data-widget_type=\"icon-box.default\">\n\t\t\t\t<div class=\"elementor-widget-container\">\n\t\t\t\t\t\t\t<div class=\"elementor-icon-box-wrapper\">\n\n\t\t\t\t\t\t<div class=\"elementor-icon-box-icon\">\n\t\t\t\t<span  class=\"elementor-icon\">\n\t\t\t\t<svg aria-hidden=\"true\" class=\"e-font-icon-svg e-fas-chart-line\" viewbox=\"0 0 512 512\" xmlns=\"http:\/\/www.w3.org\/2000\/svg\"><path d=\"M496 384H64V80c0-8.84-7.16-16-16-16H16C7.16 64 0 71.16 0 80v336c0 17.67 14.33 32 32 32h464c8.84 0 16-7.16 16-16v-32c0-8.84-7.16-16-16-16zM464 96H345.94c-21.38 0-32.09 25.85-16.97 40.97l32.4 32.4L288 242.75l-73.37-73.37c-12.5-12.5-32.76-12.5-45.25 0l-68.69 68.69c-6.25 6.25-6.25 16.38 0 22.63l22.62 22.62c6.25 6.25 16.38 6.25 22.63 0L192 237.25l73.37 73.37c12.5 12.5 32.76 12.5 45.25 0l96-96 32.4 32.4c15.12 15.12 40.97 4.41 40.97-16.97V112c.01-8.84-7.15-16-15.99-16z\"><\/path><\/svg>\t\t\t\t<\/span>\n\t\t\t<\/div>\n\t\t\t\n\t\t\t\t\t\t<div class=\"elementor-icon-box-content\">\n\n\t\t\t\t\t\t\t\t\t<h3 class=\"elementor-icon-box-title\">\n\t\t\t\t\t\t<span  >\n\t\t\t\t\t\t\tTecnolog\u00eda de \u00faltima generaci\u00f3n\t\t\t\t\t\t<\/span>\n\t\t\t\t\t<\/h3>\n\t\t\t\t\n\t\t\t\t\t\t\t\t\t<p class=\"elementor-icon-box-description\">\n\t\t\t\t\t\tInvertimos en equipos avanzados para garantizar diagn\u00f3sticos precisos y tratamientos efectivos con el menor tiempo de recuperaci\u00f3n.\t\t\t\t\t<\/p>\n\t\t\t\t\n\t\t\t<\/div>\n\t\t\t\n\t\t<\/div>\n\t\t\t\t\t\t<\/div>\n\t\t\t\t<\/div>\n\t\t\t\t<div class=\"elementor-element elementor-element-cfaa0f9 elementor-widget__width-initial elementor-view-default elementor-position-top elementor-mobile-position-top elementor-widget elementor-widget-icon-box\" data-id=\"cfaa0f9\" data-element_type=\"widget\" data-widget_type=\"icon-box.default\">\n\t\t\t\t<div class=\"elementor-widget-container\">\n\t\t\t\t\t\t\t<div class=\"elementor-icon-box-wrapper\">\n\n\t\t\t\t\t\t<div class=\"elementor-icon-box-icon\">\n\t\t\t\t<span  class=\"elementor-icon\">\n\t\t\t\t<svg aria-hidden=\"true\" class=\"e-font-icon-svg e-far-hospital\" viewbox=\"0 0 448 512\" xmlns=\"http:\/\/www.w3.org\/2000\/svg\"><path d=\"M128 244v-40c0-6.627 5.373-12 12-12h40c6.627 0 12 5.373 12 12v40c0 6.627-5.373 12-12 12h-40c-6.627 0-12-5.373-12-12zm140 12h40c6.627 0 12-5.373 12-12v-40c0-6.627-5.373-12-12-12h-40c-6.627 0-12 5.373-12 12v40c0 6.627 5.373 12 12 12zm-76 84v-40c0-6.627-5.373-12-12-12h-40c-6.627 0-12 5.373-12 12v40c0 6.627 5.373 12 12 12h40c6.627 0 12-5.373 12-12zm76 12h40c6.627 0 12-5.373 12-12v-40c0-6.627-5.373-12-12-12h-40c-6.627 0-12 5.373-12 12v40c0 6.627 5.373 12 12 12zm180 124v36H0v-36c0-6.627 5.373-12 12-12h19.5V85.035C31.5 73.418 42.245 64 55.5 64H144V24c0-13.255 10.745-24 24-24h112c13.255 0 24 10.745 24 24v40h88.5c13.255 0 24 9.418 24 21.035V464H436c6.627 0 12 5.373 12 12zM79.5 463H192v-67c0-6.627 5.373-12 12-12h40c6.627 0 12 5.373 12 12v67h112.5V112H304v24c0 13.255-10.745 24-24 24H168c-13.255 0-24-10.745-24-24v-24H79.5v351zM266 64h-26V38a6 6 0 0 0-6-6h-20a6 6 0 0 0-6 6v26h-26a6 6 0 0 0-6 6v20a6 6 0 0 0 6 6h26v26a6 6 0 0 0 6 6h20a6 6 0 0 0 6-6V96h26a6 6 0 0 0 6-6V70a6 6 0 0 0-6-6z\"><\/path><\/svg>\t\t\t\t<\/span>\n\t\t\t<\/div>\n\t\t\t\n\t\t\t\t\t\t<div class=\"elementor-icon-box-content\">\n\n\t\t\t\t\t\t\t\t\t<h3 class=\"elementor-icon-box-title\">\n\t\t\t\t\t\t<span  >\n\t\t\t\t\t\t\t Urgencias atendidas en el d\u00eda\t\t\t\t\t\t<\/span>\n\t\t\t\t\t<\/h3>\n\t\t\t\t\n\t\t\t\t\t\t\t\t\t<p class=\"elementor-icon-box-description\">\n\t\t\t\t\t\tSabemos que los problemas dentales no esperan, por eso ofrecemos atenci\u00f3n inmediata para solucionar cualquier urgencia con rapidez.\t\t\t\t\t<\/p>\n\t\t\t\t\n\t\t\t<\/div>\n\t\t\t\n\t\t<\/div>\n\t\t\t\t\t\t<\/div>\n\t\t\t\t<\/div>\n\t\t\t\t<div class=\"elementor-element elementor-element-9db6204 elementor-widget__width-initial elementor-view-default elementor-position-top elementor-mobile-position-top elementor-widget elementor-widget-icon-box\" data-id=\"9db6204\" data-element_type=\"widget\" data-widget_type=\"icon-box.default\">\n\t\t\t\t<div class=\"elementor-widget-container\">\n\t\t\t\t\t\t\t<div class=\"elementor-icon-box-wrapper\">\n\n\t\t\t\t\t\t<div class=\"elementor-icon-box-icon\">\n\t\t\t\t<span  class=\"elementor-icon\">\n\t\t\t\t<svg aria-hidden=\"true\" class=\"e-font-icon-svg e-fas-tooth\" viewbox=\"0 0 448 512\" xmlns=\"http:\/\/www.w3.org\/2000\/svg\"><path d=\"M443.98 96.25c-11.01-45.22-47.11-82.06-92.01-93.72-32.19-8.36-63 5.1-89.14 24.33-3.25 2.39-6.96 3.73-10.5 5.48l28.32 18.21c7.42 4.77 9.58 14.67 4.8 22.11-4.46 6.95-14.27 9.86-22.11 4.8L162.83 12.84c-20.7-10.85-43.38-16.4-66.81-10.31-44.9 11.67-81 48.5-92.01 93.72-10.13 41.62-.42 80.81 21.5 110.43 23.36 31.57 32.68 68.66 36.29 107.35 4.4 47.16 10.33 94.16 20.94 140.32l7.8 33.95c3.19 13.87 15.49 23.7 29.67 23.7 13.97 0 26.15-9.55 29.54-23.16l34.47-138.42c4.56-18.32 20.96-31.16 39.76-31.16s35.2 12.85 39.76 31.16l34.47 138.42c3.39 13.61 15.57 23.16 29.54 23.16 14.18 0 26.48-9.83 29.67-23.7l7.8-33.95c10.61-46.15 16.53-93.16 20.94-140.32 3.61-38.7 12.93-75.78 36.29-107.35 21.95-29.61 31.66-68.8 21.53-110.43z\"><\/path><\/svg>\t\t\t\t<\/span>\n\t\t\t<\/div>\n\t\t\t\n\t\t\t\t\t\t<div class=\"elementor-icon-box-content\">\n\n\t\t\t\t\t\t\t\t\t<h3 class=\"elementor-icon-box-title\">\n\t\t\t\t\t\t<span  >\n\t\t\t\t\t\t\tCompromiso con tu salud bucal\t\t\t\t\t\t<\/span>\n\t\t\t\t\t<\/h3>\n\t\t\t\t\n\t\t\t\t\t\t\t\t\t<p class=\"elementor-icon-box-description\">\n\t\t\t\t\t\tNuestra prioridad es cuidar tu sonrisa a largo plazo, ofreci\u00e9ndote soluciones adaptadas para mantener una boca sana y funcional.\n\t\t\t\t\t<\/p>\n\t\t\t\t\n\t\t\t<\/div>\n\t\t\t\n\t\t<\/div>\n\t\t\t\t\t\t<\/div>\n\t\t\t\t<\/div>\n\t\t\t\t<div class=\"elementor-element elementor-element-389e141 elementor-widget__width-initial elementor-view-default elementor-position-top elementor-mobile-position-top elementor-widget elementor-widget-icon-box\" data-id=\"389e141\" data-element_type=\"widget\" data-widget_type=\"icon-box.default\">\n\t\t\t\t<div class=\"elementor-widget-container\">\n\t\t\t\t\t\t\t<div class=\"elementor-icon-box-wrapper\">\n\n\t\t\t\t\t\t<div class=\"elementor-icon-box-icon\">\n\t\t\t\t<span  class=\"elementor-icon\">\n\t\t\t\t<svg aria-hidden=\"true\" class=\"e-font-icon-svg e-fas-map-pin\" viewbox=\"0 0 288 512\" xmlns=\"http:\/\/www.w3.org\/2000\/svg\"><path d=\"M112 316.94v156.69l22.02 33.02c4.75 7.12 15.22 7.12 19.97 0L176 473.63V316.94c-10.39 1.92-21.06 3.06-32 3.06s-21.61-1.14-32-3.06zM144 0C64.47 0 0 64.47 0 144s64.47 144 144 144 144-64.47 144-144S223.53 0 144 0zm0 76c-37.5 0-68 30.5-68 68 0 6.62-5.38 12-12 12s-12-5.38-12-12c0-50.73 41.28-92 92-92 6.62 0 12 5.38 12 12s-5.38 12-12 12z\"><\/path><\/svg>\t\t\t\t<\/span>\n\t\t\t<\/div>\n\t\t\t\n\t\t\t\t\t\t<div class=\"elementor-icon-box-content\">\n\n\t\t\t\t\t\t\t\t\t<h3 class=\"elementor-icon-box-title\">\n\t\t\t\t\t\t<span  >\n\t\t\t\t\t\t\tDos cl\u00ednicas a tu disposici\u00f3n\t\t\t\t\t\t<\/span>\n\t\t\t\t\t<\/h3>\n\t\t\t\t\n\t\t\t\t\t\t\t\t\t<p class=\"elementor-icon-box-description\">\n\t\t\t\t\t\tContamos con dos centros en Valencia para que siempre tengas un equipo profesional cerca, listo para atenderte cuando lo necesites.\t\t\t\t\t<\/p>\n\t\t\t\t\n\t\t\t<\/div>\n\t\t\t\n\t\t<\/div>\n\t\t\t\t\t\t<\/div>\n\t\t\t\t<\/div>\n\t\t\t\t<\/div>\n\t\t\t\t\t<\/div>\n\t\t\t\t<\/div>\n\t\t<div class=\"elementor-element elementor-element-e455fb4 e-flex e-con-boxed e-con e-parent\" data-id=\"e455fb4\" data-element_type=\"container\" data-settings=\"{&quot;background_background&quot;:&quot;classic&quot;}\">\n\t\t\t\t\t<div class=\"e-con-inner\">\n\t\t\t\t<div class=\"elementor-element elementor-element-d8b49fe elementor-widget elementor-widget-heading\" data-id=\"d8b49fe\" data-element_type=\"widget\" data-widget_type=\"heading.default\">\n\t\t\t\t<div class=\"elementor-widget-container\">\n\t\t\t\t\t<h2 class=\"elementor-heading-title elementor-size-default\">Cerca de ti, en toda Valencia<\/h2>\t\t\t\t<\/div>\n\t\t\t\t<\/div>\n\t\t\t\t\t<\/div>\n\t\t\t\t<\/div>\n\t\t<div class=\"elementor-element elementor-element-7a06b4b e-flex e-con-boxed e-con e-parent\" data-id=\"7a06b4b\" data-element_type=\"container\">\n\t\t\t\t\t<div class=\"e-con-inner\">\n\t\t<div class=\"elementor-element elementor-element-0732550 e-con-full e-flex e-con e-child\" data-id=\"0732550\" data-element_type=\"container\">\n\t\t\t\t<div class=\"elementor-element elementor-element-e63cc73 elementor-widget elementor-widget-google_maps\" data-id=\"e63cc73\" data-element_type=\"widget\" data-widget_type=\"google_maps.default\">\n\t\t\t\t<div class=\"elementor-widget-container\">\n\t\t\t\t\t\t\t<div class=\"elementor-custom-embed\">\n\t\t\t<iframe loading=\"lazy\"\n\t\t\t\t\tsrc=\"https:\/\/maps.google.com\/maps?q=Valencia&#038;t=m&#038;z=15&#038;output=embed&#038;iwloc=near\"\n\t\t\t\t\ttitle=\"Valencia\"\n\t\t\t\t\taria-label=\"Valencia\"\n\t\t\t><\/iframe>\n\t\t<\/div>\n\t\t\t\t\t\t<\/div>\n\t\t\t\t<\/div>\n\t\t\t\t<\/div>\n\t\t<div class=\"elementor-element elementor-element-1f092df e-con-full e-flex e-con e-child\" data-id=\"1f092df\" data-element_type=\"container\">\n\t\t\t\t<div class=\"elementor-element elementor-element-583d714 elementor-widget elementor-widget-text-editor\" data-id=\"583d714\" data-element_type=\"widget\" data-widget_type=\"text-editor.default\">\n\t\t\t\t<div class=\"elementor-widget-container\">\n\t\t\t\t\t\t\t\t\t<p>Nos sentimos orgullosos de formar parte de <strong>Valencia<\/strong> y de llevar nuestra experiencia y dedicaci\u00f3n a cada paciente de la ciudad. <strong>Desde Mislata hasta el centro de Valencia,<\/strong> nuestro compromiso es ofrecer una atenci\u00f3n odontol\u00f3gica de calidad, adaptada a las necesidades de cada persona, sin importar d\u00f3nde te encuentres.<\/p><p>\u00bfVives en Valencia o sus alrededores? Estamos aqu\u00ed para cuidar tu sonrisa con tratamientos personalizados, tecnolog\u00eda avanzada y un equipo comprometido con tu bienestar bucal.<\/p>\t\t\t\t\t\t\t\t<\/div>\n\t\t\t\t<\/div>\n\t\t\t\t<div class=\"elementor-element elementor-element-a2af1e7 elementor-icon-list--layout-traditional elementor-list-item-link-full_width elementor-widget elementor-widget-icon-list\" data-id=\"a2af1e7\" data-element_type=\"widget\" data-widget_type=\"icon-list.default\">\n\t\t\t\t<div class=\"elementor-widget-container\">\n\t\t\t\t\t\t\t<ul class=\"elementor-icon-list-items\">\n\t\t\t\t\t\t\t<li class=\"elementor-icon-list-item\">\n\t\t\t\t\t\t\t\t\t\t\t<a href=\"https:\/\/maps.app.goo.gl\/tXpmXRPV1TD43U6s5\">\n\n\t\t\t\t\t\t\t\t\t\t\t\t<span class=\"elementor-icon-list-icon\">\n\t\t\t\t\t\t\t<svg aria-hidden=\"true\" class=\"e-font-icon-svg e-fas-map-pin\" viewbox=\"0 0 288 512\" xmlns=\"http:\/\/www.w3.org\/2000\/svg\"><path d=\"M112 316.94v156.69l22.02 33.02c4.75 7.12 15.22 7.12 19.97 0L176 473.63V316.94c-10.39 1.92-21.06 3.06-32 3.06s-21.61-1.14-32-3.06zM144 0C64.47 0 0 64.47 0 144s64.47 144 144 144 144-64.47 144-144S223.53 0 144 0zm0 76c-37.5 0-68 30.5-68 68 0 6.62-5.38 12-12 12s-12-5.38-12-12c0-50.73 41.28-92 92-92 6.62 0 12 5.38 12 12s-5.38 12-12 12z\"><\/path><\/svg>\t\t\t\t\t\t<\/span>\n\t\t\t\t\t\t\t\t\t\t<span class=\"elementor-icon-list-text\">C\/ Bilbao 44, 46009, Valencia<\/span>\n\t\t\t\t\t\t\t\t\t\t\t<\/a>\n\t\t\t\t\t\t\t\t\t<\/li>\n\t\t\t\t\t\t\t\t<li class=\"elementor-icon-list-item\">\n\t\t\t\t\t\t\t\t\t\t\t<a href=\"https:\/\/maps.app.goo.gl\/YZBjmkHRbE32PEiY7\">\n\n\t\t\t\t\t\t\t\t\t\t\t\t<span class=\"elementor-icon-list-icon\">\n\t\t\t\t\t\t\t<svg aria-hidden=\"true\" class=\"e-font-icon-svg e-fas-map-pin\" viewbox=\"0 0 288 512\" xmlns=\"http:\/\/www.w3.org\/2000\/svg\"><path d=\"M112 316.94v156.69l22.02 33.02c4.75 7.12 15.22 7.12 19.97 0L176 473.63V316.94c-10.39 1.92-21.06 3.06-32 3.06s-21.61-1.14-32-3.06zM144 0C64.47 0 0 64.47 0 144s64.47 144 144 144 144-64.47 144-144S223.53 0 144 0zm0 76c-37.5 0-68 30.5-68 68 0 6.62-5.38 12-12 12s-12-5.38-12-12c0-50.73 41.28-92 92-92 6.62 0 12 5.38 12 12s-5.38 12-12 12z\"><\/path><\/svg>\t\t\t\t\t\t<\/span>\n\t\t\t\t\t\t\t\t\t\t<span class=\"elementor-icon-list-text\">C\/ Gregorio Gea 81, 46920, Mislata<\/span>\n\t\t\t\t\t\t\t\t\t\t\t<\/a>\n\t\t\t\t\t\t\t\t\t<\/li>\n\t\t\t\t\t\t<\/ul>\n\t\t\t\t\t\t<\/div>\n\t\t\t\t<\/div>\n\t\t\t\t<div class=\"elementor-element elementor-element-bb96b5f elementor-align-left elementor-widget elementor-widget-button\" data-id=\"bb96b5f\" data-element_type=\"widget\" data-widget_type=\"button.default\">\n\t\t\t\t<div class=\"elementor-widget-container\">\n\t\t\t\t\t\t\t\t\t<div class=\"elementor-button-wrapper\">\n\t\t\t\t\t<a class=\"elementor-button elementor-button-link elementor-size-sm elementor-animation-grow\" href=\"\/en\/contacto\/\">\n\t\t\t\t\t\t<span class=\"elementor-button-content-wrapper\">\n\t\t\t\t\t\t\t\t\t<span class=\"elementor-button-text\">CONT\u00c1CTANOS<\/span>\n\t\t\t\t\t<\/span>\n\t\t\t\t\t<\/a>\n\t\t\t\t<\/div>\n\t\t\t\t\t\t\t\t<\/div>\n\t\t\t\t<\/div>\n\t\t\t\t<\/div>\n\t\t\t\t\t<\/div>\n\t\t\t\t<\/div>\n\t\t\t\t<\/div>","protected":false},"excerpt":{"rendered":"<p>\u00bfQuienes somos? Nuestra historia: pasi\u00f3n por la odontolog\u00eda y el bienestar Desde nuestros inicios, en Arte Dental hemos trabajado con un objetivo claro: cuidar la salud bucodental de nuestros pacientes con un enfoque humano y profesional. Con esfuerzo y dedicaci\u00f3n, hemos crecido hasta contar con dos cl\u00ednicas en Valencia, donde combinamos tecnolog\u00eda y experiencia para [&hellip;]<\/p>","protected":false},"author":1,"featured_media":0,"parent":0,"menu_order":0,"comment_status":"closed","ping_status":"closed","template":"","meta":{"_joinchat":[],"footnotes":""},"class_list":["post-129","page","type-page","status-publish","hentry"],"yoast_head":"<!-- This site is optimized with the Yoast SEO plugin v24.5 - https:\/\/yoast.com\/wordpress\/plugins\/seo\/ -->\n<title>Conoce Arte Dental, tu Cl\u00ednica Dental especialista en Valencia<\/title>\n<meta name=\"description\" content=\"Con expertos y experiencia cualificada en tratamientos dentales, reserva tu cita en Arte Dental y deja tu salud bucal en manos de expertos.\" \/>\n<meta name=\"robots\" content=\"index, follow, max-snippet:-1, max-image-preview:large, max-video-preview:-1\" \/>\n<link rel=\"canonical\" href=\"https:\/\/artedentalvalencia.com\/en\/quienes-somos\/\" \/>\n<meta property=\"og:locale\" content=\"en_US\" \/>\n<meta property=\"og:type\" content=\"article\" \/>\n<meta property=\"og:title\" content=\"Conoce Arte Dental, tu Cl\u00ednica Dental especialista en Valencia\" \/>\n<meta property=\"og:description\" content=\"Con expertos y experiencia cualificada en tratamientos dentales, reserva tu cita en Arte Dental y deja tu salud bucal en manos de expertos.\" \/>\n<meta property=\"og:url\" content=\"https:\/\/artedentalvalencia.com\/en\/quienes-somos\/\" \/>\n<meta property=\"og:site_name\" content=\"Arte Dental\" \/>\n<meta property=\"article:modified_time\" content=\"2025-02-13T14:35:33+00:00\" \/>\n<meta property=\"og:image\" content=\"https:\/\/artedentalvalencia.com\/wp-content\/uploads\/2025\/02\/dentist-matching-colour-tooth-enamel-with-whitening-chart-scaled.jpg\" \/>\n<meta name=\"twitter:card\" content=\"summary_large_image\" \/>\n<meta name=\"twitter:label1\" content=\"Est. reading time\" \/>\n\t<meta name=\"twitter:data1\" content=\"2 minutes\" \/>\n<script type=\"application\/ld+json\" class=\"yoast-schema-graph\">{\"@context\":\"https:\/\/schema.org\",\"@graph\":[{\"@type\":\"WebPage\",\"@id\":\"https:\/\/artedentalvalencia.com\/quienes-somos\/\",\"url\":\"https:\/\/artedentalvalencia.com\/quienes-somos\/\",\"name\":\"Conoce Arte Dental, tu Cl\u00ednica Dental especialista en Valencia\",\"isPartOf\":{\"@id\":\"https:\/\/artedentalvalencia.com\/#website\"},\"primaryImageOfPage\":{\"@id\":\"https:\/\/artedentalvalencia.com\/quienes-somos\/#primaryimage\"},\"image\":{\"@id\":\"https:\/\/artedentalvalencia.com\/quienes-somos\/#primaryimage\"},\"thumbnailUrl\":\"https:\/\/artedentalvalencia.com\/wp-content\/uploads\/2025\/02\/dentist-matching-colour-tooth-enamel-with-whitening-chart-scaled.jpg\",\"datePublished\":\"2024-12-07T09:20:24+00:00\",\"dateModified\":\"2025-02-13T14:35:33+00:00\",\"description\":\"Con expertos y experiencia cualificada en tratamientos dentales, reserva tu cita en Arte Dental y deja tu salud bucal en manos de expertos.\",\"breadcrumb\":{\"@id\":\"https:\/\/artedentalvalencia.com\/quienes-somos\/#breadcrumb\"},\"inLanguage\":\"en-US\",\"potentialAction\":[{\"@type\":\"ReadAction\",\"target\":[\"https:\/\/artedentalvalencia.com\/quienes-somos\/\"]}]},{\"@type\":\"ImageObject\",\"inLanguage\":\"en-US\",\"@id\":\"https:\/\/artedentalvalencia.com\/quienes-somos\/#primaryimage\",\"url\":\"https:\/\/artedentalvalencia.com\/wp-content\/uploads\/2025\/02\/dentist-matching-colour-tooth-enamel-with-whitening-chart-scaled.jpg\",\"contentUrl\":\"https:\/\/artedentalvalencia.com\/wp-content\/uploads\/2025\/02\/dentist-matching-colour-tooth-enamel-with-whitening-chart-scaled.jpg\"},{\"@type\":\"BreadcrumbList\",\"@id\":\"https:\/\/artedentalvalencia.com\/quienes-somos\/#breadcrumb\",\"itemListElement\":[{\"@type\":\"ListItem\",\"position\":1,\"name\":\"Portada\",\"item\":\"https:\/\/artedentalvalencia.com\/\"},{\"@type\":\"ListItem\",\"position\":2,\"name\":\"Quienes Somos\"}]},{\"@type\":\"WebSite\",\"@id\":\"https:\/\/artedentalvalencia.com\/#website\",\"url\":\"https:\/\/artedentalvalencia.com\/\",\"name\":\"Arte Dental\",\"description\":\"\",\"publisher\":{\"@id\":\"https:\/\/artedentalvalencia.com\/#organization\"},\"potentialAction\":[{\"@type\":\"SearchAction\",\"target\":{\"@type\":\"EntryPoint\",\"urlTemplate\":\"https:\/\/artedentalvalencia.com\/?s={search_term_string}\"},\"query-input\":{\"@type\":\"PropertyValueSpecification\",\"valueRequired\":true,\"valueName\":\"search_term_string\"}}],\"inLanguage\":\"en-US\"},{\"@type\":\"Organization\",\"@id\":\"https:\/\/artedentalvalencia.com\/#organization\",\"name\":\"Arte Dental\",\"url\":\"https:\/\/artedentalvalencia.com\/\",\"logo\":{\"@type\":\"ImageObject\",\"inLanguage\":\"en-US\",\"@id\":\"https:\/\/artedentalvalencia.com\/#\/schema\/logo\/image\/\",\"url\":\"https:\/\/artedentalvalencia.com\/wp-content\/uploads\/2024\/12\/image-1-e1739098003262.png\",\"contentUrl\":\"https:\/\/artedentalvalencia.com\/wp-content\/uploads\/2024\/12\/image-1-e1739098003262.png\",\"width\":500,\"height\":245,\"caption\":\"Arte Dental\"},\"image\":{\"@id\":\"https:\/\/artedentalvalencia.com\/#\/schema\/logo\/image\/\"}}]}<\/script>\n<!-- \/ Yoast SEO plugin. -->","yoast_head_json":{"title":"Conoce Arte Dental, tu Cl\u00ednica Dental especialista en Valencia","description":"Con expertos y experiencia cualificada en tratamientos dentales, reserva tu cita en Arte Dental y deja tu salud bucal en manos de expertos.","robots":{"index":"index","follow":"follow","max-snippet":"max-snippet:-1","max-image-preview":"max-image-preview:large","max-video-preview":"max-video-preview:-1"},"canonical":"https:\/\/artedentalvalencia.com\/en\/quienes-somos\/","og_locale":"en_US","og_type":"article","og_title":"Conoce Arte Dental, tu Cl\u00ednica Dental especialista en Valencia","og_description":"Con expertos y experiencia cualificada en tratamientos dentales, reserva tu cita en Arte Dental y deja tu salud bucal en manos de expertos.","og_url":"https:\/\/artedentalvalencia.com\/en\/quienes-somos\/","og_site_name":"Arte Dental","article_modified_time":"2025-02-13T14:35:33+00:00","og_image":[{"url":"https:\/\/artedentalvalencia.com\/wp-content\/uploads\/2025\/02\/dentist-matching-colour-tooth-enamel-with-whitening-chart-scaled.jpg","type":"","width":"","height":""}],"twitter_card":"summary_large_image","twitter_misc":{"Est. reading time":"2 minutes"},"schema":{"@context":"https:\/\/schema.org","@graph":[{"@type":"WebPage","@id":"https:\/\/artedentalvalencia.com\/quienes-somos\/","url":"https:\/\/artedentalvalencia.com\/quienes-somos\/","name":"Conoce Arte Dental, tu Cl\u00ednica Dental especialista en Valencia","isPartOf":{"@id":"https:\/\/artedentalvalencia.com\/#website"},"primaryImageOfPage":{"@id":"https:\/\/artedentalvalencia.com\/quienes-somos\/#primaryimage"},"image":{"@id":"https:\/\/artedentalvalencia.com\/quienes-somos\/#primaryimage"},"thumbnailUrl":"https:\/\/artedentalvalencia.com\/wp-content\/uploads\/2025\/02\/dentist-matching-colour-tooth-enamel-with-whitening-chart-scaled.jpg","datePublished":"2024-12-07T09:20:24+00:00","dateModified":"2025-02-13T14:35:33+00:00","description":"Con expertos y experiencia cualificada en tratamientos dentales, reserva tu cita en Arte Dental y deja tu salud bucal en manos de expertos.","breadcrumb":{"@id":"https:\/\/artedentalvalencia.com\/quienes-somos\/#breadcrumb"},"inLanguage":"en-US","potentialAction":[{"@type":"ReadAction","target":["https:\/\/artedentalvalencia.com\/quienes-somos\/"]}]},{"@type":"ImageObject","inLanguage":"en-US","@id":"https:\/\/artedentalvalencia.com\/quienes-somos\/#primaryimage","url":"https:\/\/artedentalvalencia.com\/wp-content\/uploads\/2025\/02\/dentist-matching-colour-tooth-enamel-with-whitening-chart-scaled.jpg","contentUrl":"https:\/\/artedentalvalencia.com\/wp-content\/uploads\/2025\/02\/dentist-matching-colour-tooth-enamel-with-whitening-chart-scaled.jpg"},{"@type":"BreadcrumbList","@id":"https:\/\/artedentalvalencia.com\/quienes-somos\/#breadcrumb","itemListElement":[{"@type":"ListItem","position":1,"name":"Portada","item":"https:\/\/artedentalvalencia.com\/"},{"@type":"ListItem","position":2,"name":"Quienes Somos"}]},{"@type":"WebSite","@id":"https:\/\/artedentalvalencia.com\/#website","url":"https:\/\/artedentalvalencia.com\/","name":"Arte Dental","description":"","publisher":{"@id":"https:\/\/artedentalvalencia.com\/#organization"},"potentialAction":[{"@type":"SearchAction","target":{"@type":"EntryPoint","urlTemplate":"https:\/\/artedentalvalencia.com\/?s={search_term_string}"},"query-input":{"@type":"PropertyValueSpecification","valueRequired":true,"valueName":"search_term_string"}}],"inLanguage":"en-US"},{"@type":"Organization","@id":"https:\/\/artedentalvalencia.com\/#organization","name":"Arte Dental","url":"https:\/\/artedentalvalencia.com\/","logo":{"@type":"ImageObject","inLanguage":"en-US","@id":"https:\/\/artedentalvalencia.com\/#\/schema\/logo\/image\/","url":"https:\/\/artedentalvalencia.com\/wp-content\/uploads\/2024\/12\/image-1-e1739098003262.png","contentUrl":"https:\/\/artedentalvalencia.com\/wp-content\/uploads\/2024\/12\/image-1-e1739098003262.png","width":500,"height":245,"caption":"Arte Dental"},"image":{"@id":"https:\/\/artedentalvalencia.com\/#\/schema\/logo\/image\/"}}]}},"_links":{"self":[{"href":"https:\/\/artedentalvalencia.com\/en\/wp-json\/wp\/v2\/pages\/129","targetHints":{"allow":["GET"]}}],"collection":[{"href":"https:\/\/artedentalvalencia.com\/en\/wp-json\/wp\/v2\/pages"}],"about":[{"href":"https:\/\/artedentalvalencia.com\/en\/wp-json\/wp\/v2\/types\/page"}],"author":[{"embeddable":true,"href":"https:\/\/artedentalvalencia.com\/en\/wp-json\/wp\/v2\/users\/1"}],"replies":[{"embeddable":true,"href":"https:\/\/artedentalvalencia.com\/en\/wp-json\/wp\/v2\/comments?post=129"}],"version-history":[{"count":104,"href":"https:\/\/artedentalvalencia.com\/en\/wp-json\/wp\/v2\/pages\/129\/revisions"}],"predecessor-version":[{"id":1119,"href":"https:\/\/artedentalvalencia.com\/en\/wp-json\/wp\/v2\/pages\/129\/revisions\/1119"}],"wp:attachment":[{"href":"https:\/\/artedentalvalencia.com\/en\/wp-json\/wp\/v2\/media?parent=129"}],"curies":[{"name":"wp","href":"https:\/\/api.w.org\/{rel}","templated":true}]}}